{"id":1692,"date":"2025-12-21T16:45:37","date_gmt":"2025-12-21T16:45:37","guid":{"rendered":"https:\/\/fundacjawzc.pl\/?page_id=1692"},"modified":"2026-04-27T10:45:54","modified_gmt":"2026-04-27T10:45:54","slug":"aktualnosci","status":"publish","type":"page","link":"https:\/\/fundacjawzc.pl\/en\/aktualnosci\/","title":{"rendered":"News"},"content":{"rendered":"<div data-elementor-type=\"wp-page\" data-elementor-id=\"1692\" class=\"elementor elementor-1692\">\n\t\t\t\t<div class=\"elementor-element elementor-element-6942703 e-flex e-con-boxed e-con e-parent\" data-id=\"6942703\" data-element_type=\"container\" data-e-type=\"container\" data-settings=\"{&quot;background_background&quot;:&quot;classic&quot;}\">\n\t\t\t\t\t<div class=\"e-con-inner\">\n\t\t<div class=\"elementor-element elementor-element-f06e273 e-con-full e-flex e-con e-child\" data-id=\"f06e273\" data-element_type=\"container\" data-e-type=\"container\">\n\t\t\t\t<div class=\"elementor-element elementor-element-c5cd04b elementor-widget elementor-widget-heading\" data-id=\"c5cd04b\" data-element_type=\"widget\" data-e-type=\"widget\" data-widget_type=\"heading.default\">\n\t\t\t\t<div class=\"elementor-widget-container\">\n\t\t\t\t\t<h1 class=\"elementor-heading-title elementor-size-default\">News<\/h1>\t\t\t\t<\/div>\n\t\t\t\t<\/div>\n\t\t\t\t<\/div>\n\t\t\t\t\t<\/div>\n\t\t\t\t<\/div>\n\t\t<div class=\"elementor-element elementor-element-7a6e532 e-grid e-con-boxed e-con e-parent\" data-id=\"7a6e532\" data-element_type=\"container\" data-e-type=\"container\">\n\t\t\t\t\t<div class=\"e-con-inner\">\n\t\t<div class=\"elementor-element elementor-element-c8bae4d e-con-full e-flex e-con e-child\" data-id=\"c8bae4d\" data-element_type=\"container\" data-e-type=\"container\">\n\t\t\t\t<div class=\"elementor-element elementor-element-d2bae76 elementor-widget elementor-widget-image\" data-id=\"d2bae76\" data-element_type=\"widget\" data-e-type=\"widget\" data-widget_type=\"image.default\">\n\t\t\t\t<div class=\"elementor-widget-container\">\n\t\t\t\t\t\t\t\t\t\t\t\t\t\t\t\t<a href=\"https:\/\/fundacjawzc.pl\/en\/majowy-spacer-rysunkowy\/\">\n\t\t\t\t\t\t\t<img fetchpriority=\"high\" decoding=\"async\" width=\"724\" height=\"1024\" src=\"https:\/\/fundacjawzc.pl\/wp-content\/uploads\/2026\/04\/Majowy-Spacer-Rysunkowy-724x1024.png\" class=\"attachment-large size-large wp-image-3956\" alt=\"Plakat Majowego Spaceru Rysunkowego. Gradowa G\u00f3ra, sobota 16 maja w godzinach 12-15. Motyw przewodni: Akwarela. Cz\u0119\u015b\u0107 pierwsza: wprowadzenie do technik, \u0107wiczenia i integracja w siedzibie przy ul. Gradowej 11\/302. Cz\u0119\u015b\u0107 druga: wsp\u00f3lny spacer po Gradowej G\u00f3rze i malowanie z natury. Udzia\u0142 jest darmowy, warsztaty poprowadzi artystka Hanna Poliakova. Zapewniamy wszystkie materia\u0142y i pocz\u0119stunek. Obowi\u0105zuj\u0105 zapisy.\" srcset=\"https:\/\/fundacjawzc.pl\/wp-content\/uploads\/2026\/04\/Majowy-Spacer-Rysunkowy-724x1024.png 724w, https:\/\/fundacjawzc.pl\/wp-content\/uploads\/2026\/04\/Majowy-Spacer-Rysunkowy-212x300.png 212w, https:\/\/fundacjawzc.pl\/wp-content\/uploads\/2026\/04\/Majowy-Spacer-Rysunkowy-768x1086.png 768w, https:\/\/fundacjawzc.pl\/wp-content\/uploads\/2026\/04\/Majowy-Spacer-Rysunkowy-1086x1536.png 1086w, https:\/\/fundacjawzc.pl\/wp-content\/uploads\/2026\/04\/Majowy-Spacer-Rysunkowy-1448x2048.png 1448w, https:\/\/fundacjawzc.pl\/wp-content\/uploads\/2026\/04\/Majowy-Spacer-Rysunkowy-8x12.png 8w, https:\/\/fundacjawzc.pl\/wp-content\/uploads\/2026\/04\/Majowy-Spacer-Rysunkowy.png 1587w\" sizes=\"(max-width: 724px) 100vw, 724px\" \/>\t\t\t\t\t\t\t\t<\/a>\n\t\t\t\t\t\t\t\t\t\t\t\t\t\t\t<\/div>\n\t\t\t\t<\/div>\n\t\t\t\t<div class=\"elementor-element elementor-element-c5158b4 elementor-widget elementor-widget-text-editor\" data-id=\"c5158b4\" data-element_type=\"widget\" data-e-type=\"widget\" data-widget_type=\"text-editor.default\">\n\t\t\t\t<div class=\"elementor-widget-container\">\n\t\t\t\t\t\t\t\t\t<p style=\"text-align: center;\">16 maja (12:00\u201315:00) na Gradowej G\u00f3rze \u2013 bezp\u0142atny Majowy Spacer Rysunkowy! Malowanie akwarel\u0105 w naturze i dobra zabawa niezale\u017cnie od umiej\u0119tno\u015bci. Obowi\u0105zuj\u0105 zapisy \u2013 kliknij i dowiedz si\u0119 wi\u0119cej!<\/p>\t\t\t\t\t\t\t\t<\/div>\n\t\t\t\t<\/div>\n\t\t\t\t<div class=\"elementor-element elementor-element-bc73db6 elementor-align-center navy-tekst elementor-widget elementor-widget-button\" data-id=\"bc73db6\" data-element_type=\"widget\" data-e-type=\"widget\" data-widget_type=\"button.default\">\n\t\t\t\t<div class=\"elementor-widget-container\">\n\t\t\t\t\t\t\t\t\t<div class=\"elementor-button-wrapper\">\n\t\t\t\t\t<a class=\"elementor-button elementor-button-link elementor-size-sm\" href=\"https:\/\/fundacjawzc.pl\/en\/majowy-spacer-rysunkowy\/\">\n\t\t\t\t\t\t<span class=\"elementor-button-content-wrapper\">\n\t\t\t\t\t\t\t\t\t<span class=\"elementor-button-text\">See more<\/span>\n\t\t\t\t\t<\/span>\n\t\t\t\t\t<\/a>\n\t\t\t\t<\/div>\n\t\t\t\t\t\t\t\t<\/div>\n\t\t\t\t<\/div>\n\t\t\t\t<\/div>\n\t\t<div class=\"elementor-element elementor-element-c569d4f e-con-full e-flex e-con e-child\" data-id=\"c569d4f\" data-element_type=\"container\" data-e-type=\"container\">\n\t\t\t\t<div class=\"elementor-element elementor-element-9189d8c elementor-widget elementor-widget-image\" data-id=\"9189d8c\" data-element_type=\"widget\" data-e-type=\"widget\" data-widget_type=\"image.default\">\n\t\t\t\t<div class=\"elementor-widget-container\">\n\t\t\t\t\t\t\t\t\t\t\t\t\t\t\t\t<a href=\"https:\/\/fundacjawzc.pl\/en\/konsultacja-z-lekarzem\/\">\n\t\t\t\t\t\t\t<img decoding=\"async\" width=\"683\" height=\"1024\" src=\"https:\/\/fundacjawzc.pl\/wp-content\/uploads\/2026\/04\/konsultacja-683x1024.png\" class=\"attachment-large size-large wp-image-3796\" alt=\"Napis: &#039;Fundacja Wyj\u015b\u0107 z Ciemno\u015bci w Gda\u0144sku zaprasza na bezp\u0142atne konsultacje z lekarzem medycyny&#039;. Grafika na jasnoniebieskim, abstrakcyjnym tle z delikatnymi wzorami przypominaj\u0105cymi sie\u0107 neuronow\u0105 lub \u015bwiat\u0142o.\" srcset=\"https:\/\/fundacjawzc.pl\/wp-content\/uploads\/2026\/04\/konsultacja-683x1024.png 683w, https:\/\/fundacjawzc.pl\/wp-content\/uploads\/2026\/04\/konsultacja-200x300.png 200w, https:\/\/fundacjawzc.pl\/wp-content\/uploads\/2026\/04\/konsultacja-768x1152.png 768w, https:\/\/fundacjawzc.pl\/wp-content\/uploads\/2026\/04\/konsultacja-8x12.png 8w, https:\/\/fundacjawzc.pl\/wp-content\/uploads\/2026\/04\/konsultacja.png 1024w\" sizes=\"(max-width: 683px) 100vw, 683px\" \/>\t\t\t\t\t\t\t\t<\/a>\n\t\t\t\t\t\t\t\t\t\t\t\t\t\t\t<\/div>\n\t\t\t\t<\/div>\n\t\t\t\t<div class=\"elementor-element elementor-element-7c73e15 elementor-widget elementor-widget-text-editor\" data-id=\"7c73e15\" data-element_type=\"widget\" data-e-type=\"widget\" data-widget_type=\"text-editor.default\">\n\t\t\t\t<div class=\"elementor-widget-container\">\n\t\t\t\t\t\t\t\t\t<p style=\"text-align: center;\">Free neurological consultations at the Foundation\u2019s premises in Gradowa G\u00f3ra, Gda\u0144sk! Physical symptoms, stress, life crises \u2013 we\u2019re here for you. Booking required \u2013 click here to find out more!<\/p>\t\t\t\t\t\t\t\t<\/div>\n\t\t\t\t<\/div>\n\t\t\t\t<div class=\"elementor-element elementor-element-b627267 elementor-align-center navy-tekst elementor-widget elementor-widget-button\" data-id=\"b627267\" data-element_type=\"widget\" data-e-type=\"widget\" data-widget_type=\"button.default\">\n\t\t\t\t<div class=\"elementor-widget-container\">\n\t\t\t\t\t\t\t\t\t<div class=\"elementor-button-wrapper\">\n\t\t\t\t\t<a class=\"elementor-button elementor-button-link elementor-size-sm\" href=\"https:\/\/fundacjawzc.pl\/en\/konsultacja-z-lekarzem\/\">\n\t\t\t\t\t\t<span class=\"elementor-button-content-wrapper\">\n\t\t\t\t\t\t\t\t\t<span class=\"elementor-button-text\">See more<\/span>\n\t\t\t\t\t<\/span>\n\t\t\t\t\t<\/a>\n\t\t\t\t<\/div>\n\t\t\t\t\t\t\t\t<\/div>\n\t\t\t\t<\/div>\n\t\t\t\t<\/div>\n\t\t\t\t\t<\/div>\n\t\t\t\t<\/div>\n\t\t<div class=\"elementor-element elementor-element-49fde44 e-grid e-con-boxed e-con e-parent\" data-id=\"49fde44\" data-element_type=\"container\" data-e-type=\"container\">\n\t\t\t\t\t<div class=\"e-con-inner\">\n\t\t<div class=\"elementor-element elementor-element-4a4b691 e-con-full e-flex e-con e-child\" data-id=\"4a4b691\" data-element_type=\"container\" data-e-type=\"container\">\n\t\t\t\t<div class=\"elementor-element elementor-element-7f0fb11 elementor-widget elementor-widget-image\" data-id=\"7f0fb11\" data-element_type=\"widget\" data-e-type=\"widget\" data-widget_type=\"image.default\">\n\t\t\t\t<div class=\"elementor-widget-container\">\n\t\t\t\t\t\t\t\t\t\t\t\t\t\t\t\t<a href=\"https:\/\/fundacjawzc.pl\/en\/wiosenny-spacer-rysunkowy\/\">\n\t\t\t\t\t\t\t<img decoding=\"async\" width=\"212\" height=\"300\" src=\"https:\/\/fundacjawzc.pl\/wp-content\/uploads\/2026\/04\/Wiosenny-Spacer-Rysunkowy-1-212x300.png\" class=\"attachment-medium size-medium wp-image-3673\" alt=\"Plakat zapraszaj\u0105cy na wiosenny spacer po Gradowej G\u00f3rze 18 kwietnia w godzinach 12-15 w Gda\u0144sku. Grafika zawiera napisy: &#039;Gradowa G\u00f3ra&#039;, &#039;Wiosenny Spacer Rysunkowy&#039;, &#039;Obowi\u0105zuj\u0105 zapisy&#039;, oraz informacje o dw\u00f3ch cz\u0119\u015bciach wydarzenia: wprowadzenie i integracja w siedzibie przy ul. Gradowa 11\/302 oraz wsp\u00f3lny spacer po Gradowej G\u00f3rze i szkicowanie z natury. Na plakacie znajduj\u0105 si\u0119 r\u00f3wnie\u017c informacje o udziale darmowym i zapewnieniu potrzebnych materia\u0142\u00f3w. Autork\u0105 warsztatu jest artystka Hanna Poliakov\u00e1. Plakat ozdobiony jest rysunkami kwiat\u00f3w i ro\u015blin w pastelowych kolorach.\" srcset=\"https:\/\/fundacjawzc.pl\/wp-content\/uploads\/2026\/04\/Wiosenny-Spacer-Rysunkowy-1-212x300.png 212w, https:\/\/fundacjawzc.pl\/wp-content\/uploads\/2026\/04\/Wiosenny-Spacer-Rysunkowy-1-724x1024.png 724w, https:\/\/fundacjawzc.pl\/wp-content\/uploads\/2026\/04\/Wiosenny-Spacer-Rysunkowy-1-768x1086.png 768w, https:\/\/fundacjawzc.pl\/wp-content\/uploads\/2026\/04\/Wiosenny-Spacer-Rysunkowy-1-1086x1536.png 1086w, https:\/\/fundacjawzc.pl\/wp-content\/uploads\/2026\/04\/Wiosenny-Spacer-Rysunkowy-1-1448x2048.png 1448w, https:\/\/fundacjawzc.pl\/wp-content\/uploads\/2026\/04\/Wiosenny-Spacer-Rysunkowy-1-8x12.png 8w, https:\/\/fundacjawzc.pl\/wp-content\/uploads\/2026\/04\/Wiosenny-Spacer-Rysunkowy-1.png 1587w\" sizes=\"(max-width: 212px) 100vw, 212px\" \/>\t\t\t\t\t\t\t\t<\/a>\n\t\t\t\t\t\t\t\t\t\t\t\t\t\t\t<\/div>\n\t\t\t\t<\/div>\n\t\t\t\t<div class=\"elementor-element elementor-element-2e24460 elementor-widget elementor-widget-text-editor\" data-id=\"2e24460\" data-element_type=\"widget\" data-e-type=\"widget\" data-widget_type=\"text-editor.default\">\n\t\t\t\t<div class=\"elementor-widget-container\">\n\t\t\t\t\t\t\t\t\t<p style=\"text-align: center;\">18 April (12:00\u201315:00) at Gradowa G\u00f3ra \u2013 a free Spring Sketching Walk! Sketching from life and a great time, whatever your skill level. Booking required \u2013 click here to find out more!<\/p>\t\t\t\t\t\t\t\t<\/div>\n\t\t\t\t<\/div>\n\t\t\t\t<div class=\"elementor-element elementor-element-12086ab elementor-align-center navy-tekst elementor-widget elementor-widget-button\" data-id=\"12086ab\" data-element_type=\"widget\" data-e-type=\"widget\" data-widget_type=\"button.default\">\n\t\t\t\t<div class=\"elementor-widget-container\">\n\t\t\t\t\t\t\t\t\t<div class=\"elementor-button-wrapper\">\n\t\t\t\t\t<a class=\"elementor-button elementor-button-link elementor-size-sm\" href=\"https:\/\/fundacjawzc.pl\/en\/wiosenny-spacer-rysunkowy\/\">\n\t\t\t\t\t\t<span class=\"elementor-button-content-wrapper\">\n\t\t\t\t\t\t\t\t\t<span class=\"elementor-button-text\">See more<\/span>\n\t\t\t\t\t<\/span>\n\t\t\t\t\t<\/a>\n\t\t\t\t<\/div>\n\t\t\t\t\t\t\t\t<\/div>\n\t\t\t\t<\/div>\n\t\t\t\t<\/div>\n\t\t<div class=\"elementor-element elementor-element-fdcff0c e-con-full e-flex e-con e-child\" data-id=\"fdcff0c\" data-element_type=\"container\" data-e-type=\"container\">\n\t\t\t\t<div class=\"elementor-element elementor-element-bf0c99e elementor-widget elementor-widget-image\" data-id=\"bf0c99e\" data-element_type=\"widget\" data-e-type=\"widget\" data-widget_type=\"image.default\">\n\t\t\t\t<div class=\"elementor-widget-container\">\n\t\t\t\t\t\t\t\t\t\t\t\t\t\t\t\t<a href=\"https:\/\/fundacjawzc.pl\/en\/zadbaj-o-siebie\/\">\n\t\t\t\t\t\t\t<img loading=\"lazy\" decoding=\"async\" width=\"240\" height=\"300\" src=\"https:\/\/fundacjawzc.pl\/wp-content\/uploads\/2026\/03\/5025e463-15c7-4b75-8d27-85dcd06f21e1-240x300.jpg\" class=\"attachment-medium size-medium wp-image-3637\" alt=\"Plakat zapraszaj\u0105cy na wydarzenie pt. &#039;Zadbaj o siebie \u2013 \u0107wiczenia z dobrostanu&#039;, kt\u00f3re odb\u0119dzie si\u0119 25 marca w godzinach 16:00-18:00 przy ulicy Gradowa 11. Plakat zawiera informacje o interaktywnym warsztacie, intuicyjnym rysunku oraz grze towarzyskiej. Grafika ozdobiona jest pastelowymi, abstrakcyjnymi wzorami oraz elementami kwiatowymi.\" srcset=\"https:\/\/fundacjawzc.pl\/wp-content\/uploads\/2026\/03\/5025e463-15c7-4b75-8d27-85dcd06f21e1-240x300.jpg 240w, https:\/\/fundacjawzc.pl\/wp-content\/uploads\/2026\/03\/5025e463-15c7-4b75-8d27-85dcd06f21e1-819x1024.jpg 819w, https:\/\/fundacjawzc.pl\/wp-content\/uploads\/2026\/03\/5025e463-15c7-4b75-8d27-85dcd06f21e1-768x960.jpg 768w, https:\/\/fundacjawzc.pl\/wp-content\/uploads\/2026\/03\/5025e463-15c7-4b75-8d27-85dcd06f21e1-10x12.jpg 10w, https:\/\/fundacjawzc.pl\/wp-content\/uploads\/2026\/03\/5025e463-15c7-4b75-8d27-85dcd06f21e1.jpg 1080w\" sizes=\"(max-width: 240px) 100vw, 240px\" \/>\t\t\t\t\t\t\t\t<\/a>\n\t\t\t\t\t\t\t\t\t\t\t\t\t\t\t<\/div>\n\t\t\t\t<\/div>\n\t\t\t\t<div class=\"elementor-element elementor-element-719e889 elementor-widget elementor-widget-text-editor\" data-id=\"719e889\" data-element_type=\"widget\" data-e-type=\"widget\" data-widget_type=\"text-editor.default\">\n\t\t\t\t<div class=\"elementor-widget-container\">\n\t\t\t\t\t\t\t\t\t<p style=\"text-align: center;\">On 25 March (4.00\u20136.00 pm) at 11 Gradowa Street in Gda\u0144sk, we invite you to an interactive workshop packed with creative exercises, intuitive drawing and lots of fun. Click here to find out more!<\/p>\t\t\t\t\t\t\t\t<\/div>\n\t\t\t\t<\/div>\n\t\t\t\t<div class=\"elementor-element elementor-element-ffffaea elementor-align-center navy-tekst elementor-widget elementor-widget-button\" data-id=\"ffffaea\" data-element_type=\"widget\" data-e-type=\"widget\" data-widget_type=\"button.default\">\n\t\t\t\t<div class=\"elementor-widget-container\">\n\t\t\t\t\t\t\t\t\t<div class=\"elementor-button-wrapper\">\n\t\t\t\t\t<a class=\"elementor-button elementor-button-link elementor-size-sm\" href=\"https:\/\/fundacjawzc.pl\/en\/zadbaj-o-siebie\/\">\n\t\t\t\t\t\t<span class=\"elementor-button-content-wrapper\">\n\t\t\t\t\t\t\t\t\t<span class=\"elementor-button-text\">See more<\/span>\n\t\t\t\t\t<\/span>\n\t\t\t\t\t<\/a>\n\t\t\t\t<\/div>\n\t\t\t\t\t\t\t\t<\/div>\n\t\t\t\t<\/div>\n\t\t\t\t<\/div>\n\t\t\t\t\t<\/div>\n\t\t\t\t<\/div>\n\t\t<div class=\"elementor-element elementor-element-b499f3a e-grid e-con-boxed e-con e-parent\" data-id=\"b499f3a\" data-element_type=\"container\" data-e-type=\"container\">\n\t\t\t\t\t<div class=\"e-con-inner\">\n\t\t<div class=\"elementor-element elementor-element-bd20e67 e-con-full e-flex e-con e-child\" data-id=\"bd20e67\" data-element_type=\"container\" data-e-type=\"container\">\n\t\t\t\t<div class=\"elementor-element elementor-element-cdd7841 elementor-widget elementor-widget-image\" data-id=\"cdd7841\" data-element_type=\"widget\" data-e-type=\"widget\" data-widget_type=\"image.default\">\n\t\t\t\t<div class=\"elementor-widget-container\">\n\t\t\t\t\t\t\t\t\t\t\t\t\t\t\t\t<a href=\"https:\/\/fundacjawzc.pl\/en\/nasz-gabinet\/\">\n\t\t\t\t\t\t\t<img loading=\"lazy\" decoding=\"async\" width=\"206\" height=\"300\" src=\"https:\/\/fundacjawzc.pl\/wp-content\/uploads\/2026\/03\/miniaturka-206x300.png\" class=\"attachment-medium size-medium wp-image-3572\" alt=\"U\u015bmiechni\u0119ta kobieta w r\u00f3\u017cowym p\u0142aszczu, zielonym czapce z pomponem i szaliku w krat\u0119 stoi na \u015bniegu przed czerwonym, historycznym budynkiem. Nad ni\u0105 widnieje napis: &#039;Jak doj\u015b\u0107 do fundacji?&#039;. W prawym g\u00f3rnym rogu grafiki znajduje si\u0119 czerwona ikona z bia\u0142ym ko\u0142em, wskazuj\u0105ca lokalizacj\u0119 na mapie.\" srcset=\"https:\/\/fundacjawzc.pl\/wp-content\/uploads\/2026\/03\/miniaturka-206x300.png 206w, https:\/\/fundacjawzc.pl\/wp-content\/uploads\/2026\/03\/miniaturka-704x1024.png 704w, https:\/\/fundacjawzc.pl\/wp-content\/uploads\/2026\/03\/miniaturka-768x1116.png 768w, https:\/\/fundacjawzc.pl\/wp-content\/uploads\/2026\/03\/miniaturka-8x12.png 8w, https:\/\/fundacjawzc.pl\/wp-content\/uploads\/2026\/03\/miniaturka.png 1005w\" sizes=\"(max-width: 206px) 100vw, 206px\" \/>\t\t\t\t\t\t\t\t<\/a>\n\t\t\t\t\t\t\t\t\t\t\t\t\t\t\t<\/div>\n\t\t\t\t<\/div>\n\t\t\t\t<div class=\"elementor-element elementor-element-c61722a elementor-widget elementor-widget-text-editor\" data-id=\"c61722a\" data-element_type=\"widget\" data-e-type=\"widget\" data-widget_type=\"text-editor.default\">\n\t\t\t\t<div class=\"elementor-widget-container\">\n\t\t\t\t\t\t\t\t\t<p style=\"text-align: center;\">Please take a look at this short video about our practice<br \/>on Gradowa Hill in Gda\u0144sk. See what the place looks like,<br \/>where we help out every day!<\/p>\t\t\t\t\t\t\t\t<\/div>\n\t\t\t\t<\/div>\n\t\t\t\t<div class=\"elementor-element elementor-element-3fefec0 elementor-align-center navy-tekst elementor-widget elementor-widget-button\" data-id=\"3fefec0\" data-element_type=\"widget\" data-e-type=\"widget\" data-widget_type=\"button.default\">\n\t\t\t\t<div class=\"elementor-widget-container\">\n\t\t\t\t\t\t\t\t\t<div class=\"elementor-button-wrapper\">\n\t\t\t\t\t<a class=\"elementor-button elementor-button-link elementor-size-sm\" href=\"https:\/\/fundacjawzc.pl\/en\/nasz-gabinet\/\">\n\t\t\t\t\t\t<span class=\"elementor-button-content-wrapper\">\n\t\t\t\t\t\t\t\t\t<span class=\"elementor-button-text\">See more<\/span>\n\t\t\t\t\t<\/span>\n\t\t\t\t\t<\/a>\n\t\t\t\t<\/div>\n\t\t\t\t\t\t\t\t<\/div>\n\t\t\t\t<\/div>\n\t\t\t\t<\/div>\n\t\t\t\t\t<\/div>\n\t\t\t\t<\/div>\n\t\t<div class=\"elementor-element elementor-element-cc25583 e-flex e-con-boxed e-con e-parent\" data-id=\"cc25583\" data-element_type=\"container\" data-e-type=\"container\">\n\t\t\t\t\t<div class=\"e-con-inner\">\n\t\t\t\t\t<\/div>\n\t\t\t\t<\/div>\n\t\t\t\t<\/div>","protected":false},"excerpt":{"rendered":"<p>Aktualno\u015bci 16 maja (12:00\u201315:00) na Gradowej G\u00f3rze \u2013 bezp\u0142atny Majowy Spacer Rysunkowy! Malowanie akwarel\u0105 w naturze i dobra zabawa niezale\u017cnie od umiej\u0119tno\u015bci. Obowi\u0105zuj\u0105 zapisy \u2013 kliknij i dowiedz si\u0119 wi\u0119cej! Zobacz wi\u0119cej Bezp\u0142atne konsultacje neurologiczne w siedzibie Fundacji na Gradowej G\u00f3rze w Gda\u0144sku! Objawy somatyczne, stres, kryzys \u017cyciowy \u2013 jeste\u015bmy tu dla Ciebie. Obowi\u0105zuj\u0105 zapisy [&hellip;]<\/p>\n","protected":false},"author":1,"featured_media":0,"parent":0,"menu_order":0,"comment_status":"closed","ping_status":"closed","template":"","meta":{"site-sidebar-layout":"no-sidebar","site-content-layout":"page-builder","ast-site-content-layout":"full-width-container","site-content-style":"unboxed","site-sidebar-style":"unboxed","ast-global-header-display":"","ast-banner-title-visibility":"","ast-main-header-display":"","ast-hfb-above-header-display":"","ast-hfb-below-header-display":"","ast-hfb-mobile-header-display":"","site-post-title":"disabled","ast-breadcrumbs-content":"","ast-featured-img":"disabled","footer-sml-layout":"","ast-disable-related-posts":"","theme-transparent-header-meta":"","adv-header-id-meta":"","stick-header-meta":"","header-above-stick-meta":"","header-main-stick-meta":"","header-below-stick-meta":"","astra-migrate-meta-layouts":"set","ast-page-background-enabled":"default","ast-page-background-meta":{"desktop":{"background-color":"","background-image":"","background-repeat":"repeat","background-position":"center center","background-size":"auto","background-attachment":"scroll","background-type":"","background-media":"","overlay-type":"","overlay-color":"","overlay-opacity":"","overlay-gradient":""},"tablet":{"background-color":"","background-image":"","background-repeat":"repeat","background-position":"center center","background-size":"auto","background-attachment":"scroll","background-type":"","background-media":"","overlay-type":"","overlay-color":"","overlay-opacity":"","overlay-gradient":""},"mobile":{"background-color":"","background-image":"","background-repeat":"repeat","background-position":"center center","background-size":"auto","background-attachment":"scroll","background-type":"","background-media":"","overlay-type":"","overlay-color":"","overlay-opacity":"","overlay-gradient":""}},"ast-content-background-meta":{"desktop":{"background-color":"var(--ast-global-color-5)","background-image":"","background-repeat":"repeat","background-position":"center center","background-size":"auto","background-attachment":"scroll","background-type":"","background-media":"","overlay-type":"","overlay-color":"","overlay-opacity":"","overlay-gradient":""},"tablet":{"background-color":"var(--ast-global-color-5)","background-image":"","background-repeat":"repeat","background-position":"center center","background-size":"auto","background-attachment":"scroll","background-type":"","background-media":"","overlay-type":"","overlay-color":"","overlay-opacity":"","overlay-gradient":""},"mobile":{"background-color":"var(--ast-global-color-5)","background-image":"","background-repeat":"repeat","background-position":"center center","background-size":"auto","background-attachment":"scroll","background-type":"","background-media":"","overlay-type":"","overlay-color":"","overlay-opacity":"","overlay-gradient":""}},"footnotes":""},"class_list":["post-1692","page","type-page","status-publish","hentry"],"_links":{"self":[{"href":"https:\/\/fundacjawzc.pl\/en\/wp-json\/wp\/v2\/pages\/1692","targetHints":{"allow":["GET"]}}],"collection":[{"href":"https:\/\/fundacjawzc.pl\/en\/wp-json\/wp\/v2\/pages"}],"about":[{"href":"https:\/\/fundacjawzc.pl\/en\/wp-json\/wp\/v2\/types\/page"}],"author":[{"embeddable":true,"href":"https:\/\/fundacjawzc.pl\/en\/wp-json\/wp\/v2\/users\/1"}],"replies":[{"embeddable":true,"href":"https:\/\/fundacjawzc.pl\/en\/wp-json\/wp\/v2\/comments?post=1692"}],"version-history":[{"count":119,"href":"https:\/\/fundacjawzc.pl\/en\/wp-json\/wp\/v2\/pages\/1692\/revisions"}],"predecessor-version":[{"id":3966,"href":"https:\/\/fundacjawzc.pl\/en\/wp-json\/wp\/v2\/pages\/1692\/revisions\/3966"}],"wp:attachment":[{"href":"https:\/\/fundacjawzc.pl\/en\/wp-json\/wp\/v2\/media?parent=1692"}],"curies":[{"name":"wp","href":"https:\/\/api.w.org\/{rel}","templated":true}]}}