{"id":1985,"date":"2025-12-22T14:42:00","date_gmt":"2025-12-22T14:42:00","guid":{"rendered":"https:\/\/fundacjawzc.pl\/?page_id=1985"},"modified":"2026-04-26T08:23:10","modified_gmt":"2026-04-26T08:23:10","slug":"partnerzy-fundacji","status":"publish","type":"page","link":"https:\/\/fundacjawzc.pl\/en\/partnerzy-fundacji\/","title":{"rendered":"partnerzy fundacji"},"content":{"rendered":"<div data-elementor-type=\"wp-page\" data-elementor-id=\"1985\" class=\"elementor elementor-1985\">\n\t\t\t\t<div class=\"elementor-element elementor-element-a2cc7c8 e-flex e-con-boxed e-con e-parent\" data-id=\"a2cc7c8\" data-element_type=\"container\" data-e-type=\"container\">\n\t\t\t\t\t<div class=\"e-con-inner\">\n\t\t<div class=\"elementor-element elementor-element-a81d19a e-con-full e-flex e-con e-child\" data-id=\"a81d19a\" data-element_type=\"container\" data-e-type=\"container\">\n\t\t\t\t<div class=\"elementor-element elementor-element-0f67d4c elementor-widget elementor-widget-heading\" data-id=\"0f67d4c\" data-element_type=\"widget\" data-e-type=\"widget\" data-widget_type=\"heading.default\">\n\t\t\t\t<div class=\"elementor-widget-container\">\n\t\t\t\t\t<h2 class=\"elementor-heading-title elementor-size-default\">Partners of the Foundation<\/h2>\t\t\t\t<\/div>\n\t\t\t\t<\/div>\n\t\t\t\t<div class=\"elementor-element elementor-element-8509084 elementor-widget-divider--view-line elementor-widget elementor-widget-divider\" data-id=\"8509084\" data-element_type=\"widget\" data-e-type=\"widget\" data-widget_type=\"divider.default\">\n\t\t\t\t<div class=\"elementor-widget-container\">\n\t\t\t\t\t\t\t<div class=\"elementor-divider\">\n\t\t\t<span class=\"elementor-divider-separator\">\n\t\t\t\t\t\t<\/span>\n\t\t<\/div>\n\t\t\t\t\t\t<\/div>\n\t\t\t\t<\/div>\n\t\t\t\t<div class=\"elementor-element elementor-element-b26f3c7 elementor-widget__width-initial elementor-widget elementor-widget-text-editor\" data-id=\"b26f3c7\" data-element_type=\"widget\" data-e-type=\"widget\" data-widget_type=\"text-editor.default\">\n\t\t\t\t<div class=\"elementor-widget-container\">\n\t\t\t\t\t\t\t\t\tThe Wyj\u015b\u0107 z Ciemno\u015bci Foundation cooperates with foundations, associations, public institutions, therapeutic centres, scientific and cultural communities, and Polish parishes in Poland and abroad. Together, we are building a support network for people in crisis.\n\nIf you would like to establish cooperation \u2014 <strong><a style=\"color: #3954a4;\" href=\"\/en\/kontakt\/\">contact us<\/a><\/strong>.\t\t\t\t\t\t\t\t<\/div>\n\t\t\t\t<\/div>\n\t\t\t\t<\/div>\n\t\t\t\t\t<\/div>\n\t\t\t\t<\/div>\n\t\t<div class=\"elementor-element elementor-element-ac65a9d e-grid elementor-hidden-desktop elementor-hidden-tablet elementor-hidden-mobile e-con-boxed e-con e-parent\" data-id=\"ac65a9d\" data-element_type=\"container\" data-e-type=\"container\">\n\t\t\t\t\t<div class=\"e-con-inner\">\n\t\t\t\t<div class=\"elementor-element elementor-element-94c9691 elementor-widget elementor-widget-heading\" data-id=\"94c9691\" data-element_type=\"widget\" data-e-type=\"widget\" data-widget_type=\"heading.default\">\n\t\t\t\t<div class=\"elementor-widget-container\">\n\t\t\t\t\t<p class=\"elementor-heading-title elementor-size-default\">Association of Good Hearts Engineering<\/p>\t\t\t\t<\/div>\n\t\t\t\t<\/div>\n\t\t\t\t\t<\/div>\n\t\t\t\t<\/div>\n\t\t<div class=\"elementor-element elementor-element-a7ebbe0 e-flex e-con-boxed e-con e-parent\" data-id=\"a7ebbe0\" data-element_type=\"container\" data-e-type=\"container\">\n\t\t\t\t\t<div class=\"e-con-inner\">\n\t\t\t\t<div class=\"elementor-element elementor-element-a31053a elementor-widget elementor-widget-text-editor\" data-id=\"a31053a\" data-element_type=\"widget\" data-e-type=\"widget\" data-widget_type=\"text-editor.default\">\n\t\t\t\t<div class=\"elementor-widget-container\">\n\t\t\t\t\t\t\t\t\t<div style=\"background-color: #f9f9f9; padding: 30px; border-radius: 10px; border-left: 4px solid #FFD700; margin: 30px 0;\">\n\n<h3 style=\"margin-top: 0; text-align: center;\">Association of Good Hearts Engineering<\/h3>\n\n<p>An association that uses technology and engineering to create solutions with a real social impact. It works for local communities by designing and implementing initiatives that respond to people's real needs. It combines technical expertise with social engagement, working with volunteers, experts and partner organisations. The association's goal is to create sustainable, responsible and safe solutions that genuinely improve the quality of life.<\/p>\n\n<a href=\"https:\/\/fundacjawzc.pl\/wp-content\/uploads\/2026\/01\/PHOTO-2026-01-09-12-49-48.jpg\" target=\"_blank\">\n<img decoding=\"async\" style=\"width: 75%; max-width: 100%; margin-top: 20px; border-radius: 10px; display: block; margin-left: auto; margin-right: auto; cursor: pointer;\" src=\"https:\/\/fundacjawzc.pl\/wp-content\/uploads\/2026\/01\/PHOTO-2026-01-09-12-49-48.jpg\" alt=\"Zesp\u00f3\u0142 Stowarzyszenia In\u017cynierii Dobrych Serc\" \/>\n<\/a>\n\n<\/div>\t\t\t\t\t\t\t\t<\/div>\n\t\t\t\t<\/div>\n\t\t\t\t\t<\/div>\n\t\t\t\t<\/div>\n\t\t<div class=\"elementor-element elementor-element-6e23523 e-flex e-con-boxed e-con e-parent\" data-id=\"6e23523\" data-element_type=\"container\" data-e-type=\"container\">\n\t\t\t\t\t<div class=\"e-con-inner\">\n\t\t\t\t<div class=\"elementor-element elementor-element-e4e9fae elementor-widget elementor-widget-text-editor\" data-id=\"e4e9fae\" data-element_type=\"widget\" data-e-type=\"widget\" data-widget_type=\"text-editor.default\">\n\t\t\t\t<div class=\"elementor-widget-container\">\n\t\t\t\t\t\t\t\t\t<div style=\"background-color: #f9f9f9; padding: 30px; border-radius: 10px; border-left: 4px solid #FFD700; margin: 30px 0;\">\n\n<a href=\"https:\/\/fundacjawzc.pl\/wp-content\/uploads\/2026\/04\/nicztego_logo.png\" target=\"_blank\" rel=\"noopener\">\n<img decoding=\"async\" style=\"width: 150px; max-width: 100%; display: block; margin: 0 auto 20px auto; cursor: pointer;\" src=\"https:\/\/fundacjawzc.pl\/wp-content\/uploads\/2026\/04\/nicztego_logo.png\" alt=\"Logo zespo\u0142u Nic z Tego\" \/>\n<\/a>\n\n<h3 style=\"margin-top: 0; text-align: center;\">The band \u2018Nic z Tego\u2019<\/h3>\n\n<p>Z rado\u015bci\u0105 przedstawiamy jednego z naszych Partner\u00f3w \u2013 zesp\u00f3\u0142 muzyczny \u201eNic z Tego&#8221;, czteroosobow\u0105 formacj\u0119 z \u017bu\u0142aw, tworzon\u0105 przez pasjonat\u00f3w muzyki, autentyczno\u015bci i dobrego s\u0142owa. Krzysztof, Micha\u0142, Oleksii i Olesia to arty\u015bci, kt\u00f3rzy nie tylko graj\u0105 i \u015bpiewaj\u0105 \u2013 oni tworz\u0105. Ich utwory s\u0105 w ca\u0142o\u015bci autorskie \u2013 od tekst\u00f3w po kompozycje \u2013 i nios\u0105 ze sob\u0105 lekko\u015b\u0107, humor oraz prawd\u0119 o codzienno\u015bci, kt\u00f3r\u0105 ka\u017cdy z nas potrafi odnale\u017a\u0107 w sobie.<\/p>\n\n<p>Their music evokes the feel of a sea breeze \u2013 freshness, space and freedom. On stage, they create an atmosphere of intimacy in which the audience is not merely spectators, but becomes part of a shared experience.<\/p>\n\n<p>The band \u2018Nic z Tego\u2019 brings something incredibly valuable to the Foundation\u2019s work \u2013 joy that heals, music that brings people together, and a sense of light-heartedness that helps us reconnect with ourselves.<\/p>\n\n<p>Their presence at the Foundation\u2019s events will not only provide musical accompaniment \u2013 it will also help to foster a sense of community, tranquillity and genuine connection between people.<\/p>\n\n<p>This summer, in late July and early August 2026, we\u2019d like to organise a series of events with the band at the Gradowa restaurant on Gradowa G\u00f3ra. These culinary evenings, accompanied by music, will take place in the evenings. If you\u2019d like to join us, please follow us \u2013 we\u2019ll keep you updated on the events.<\/p>\n\n<div style=\"display: flex; flex-wrap: wrap; gap: 10px; margin-top: 20px; justify-content: center;\">\n<a style=\"display: contents;\" href=\"https:\/\/fundacjawzc.pl\/wp-content\/uploads\/2026\/04\/1000031325.jpg\" target=\"_blank\" rel=\"noopener\"><img decoding=\"async\" style=\"width: calc(33% - 10px); border-radius: 8px; object-fit: cover; cursor: pointer;\" src=\"https:\/\/fundacjawzc.pl\/wp-content\/uploads\/2026\/04\/1000031325.jpg\" alt=\"Czarno-bia\u0142e zdj\u0119cie zespo\u0142u 'Nic z Tego' podczas wyst\u0119pu na pla\u017cy. Na pierwszym planie widoczni s\u0105: perkusista, gitarzysta, wokalistka \u015bpiewaj\u0105ca do mikrofonu oraz muzyk graj\u0105cy na instrumentach klawiszowych. W tle morze i niebo. Centralnie umieszczona jest nazwa zespo\u0142u w formie graficznego logo: 'NIC Z TEGO'.\" \/><\/a>\n<a style=\"display: contents;\" href=\"https:\/\/fundacjawzc.pl\/wp-content\/uploads\/2026\/04\/1000031227.jpg\" target=\"_blank\" rel=\"noopener\"><img decoding=\"async\" style=\"width: calc(33% - 10px); border-radius: 8px; object-fit: cover; cursor: pointer;\" src=\"https:\/\/fundacjawzc.pl\/wp-content\/uploads\/2026\/04\/1000031227.jpg\" alt=\"Czarno-bia\u0142e zdj\u0119cie zespo\u0142u Nic z Tego podczas wyst\u0119pu na \u017cywo. Na scenie wida\u0107 perkusist\u0119, gitarzyst\u0119 basowego, wokalist\u0119 graj\u0105cego na gitarze oraz klawiaturzystk\u0119. W tle dekoracje z serc i lampek, co nadaje atmosfer\u0119 kameralnego koncertu.\" \/><\/a>\n<a style=\"display: contents;\" href=\"https:\/\/fundacjawzc.pl\/wp-content\/uploads\/2026\/04\/1000031318.jpg\" target=\"_blank\" rel=\"noopener\"><img decoding=\"async\" style=\"width: calc(33% - 10px); border-radius: 8px; object-fit: cover; cursor: pointer;\" src=\"https:\/\/fundacjawzc.pl\/wp-content\/uploads\/2026\/04\/1000031318.jpg\" alt=\"Czarno-bia\u0142e zdj\u0119cie zespo\u0142u 'Nic z Tego' podczas koncertu na \u017cywo. Na scenie wida\u0107 basist\u0119, perkusist\u0119, gitarzyst\u0119 oraz wokalist\u0119 graj\u0105cego na gitarze.\" \/><\/a>\n<\/div>\n\n<div style=\"display: flex; flex-wrap: wrap; gap: 10px; margin-top: 10px; justify-content: center;\">\n<a style=\"display: contents;\" href=\"https:\/\/fundacjawzc.pl\/wp-content\/uploads\/2026\/04\/1000031323.jpg\" target=\"_blank\" rel=\"noopener\"><img decoding=\"async\" style=\"width: calc(33% - 10px); border-radius: 8px; object-fit: cover; aspect-ratio: 3\/4; cursor: pointer;\" src=\"https:\/\/fundacjawzc.pl\/wp-content\/uploads\/2026\/04\/1000031323.jpg\" alt=\"Czarno-bia\u0142e zdj\u0119cie z koncertu zespo\u0142u 'Nic z Tego'. Na pierwszym planie wokalistka \u015bpiewa do mikrofonu, u\u015bmiechaj\u0105c si\u0119. Za ni\u0105 gitarzysta gra na gitarze i unosi kciuk w ge\u015bcie pozytywnej energii. Zdj\u0119cie oddaje radosn\u0105 atmosfer\u0119 wyst\u0119pu.\" \/><\/a>\n<a style=\"display: contents;\" href=\"https:\/\/fundacjawzc.pl\/wp-content\/uploads\/2026\/04\/1000031319.jpg\" target=\"_blank\" rel=\"noopener\"><img decoding=\"async\" style=\"width: calc(33% - 10px); border-radius: 8px; object-fit: cover; aspect-ratio: 3\/4; cursor: pointer;\" src=\"https:\/\/fundacjawzc.pl\/wp-content\/uploads\/2026\/04\/1000031319.jpg\" alt=\"Czarno-bia\u0142e zdj\u0119cie perkusisty zespo\u0142u 'Nic z Tego' podczas koncertu. Muzyk gra na perkusji, skupiony i zaanga\u017cowany w wyst\u0119p. Zdj\u0119cie oddaje energi\u0119 i dynamik\u0119 wyst\u0119pu.\" \/><\/a>\n<a style=\"display: contents;\" href=\"https:\/\/fundacjawzc.pl\/wp-content\/uploads\/2026\/04\/1000031226.jpg\" target=\"_blank\" rel=\"noopener\"><img decoding=\"async\" style=\"width: calc(33% - 10px); border-radius: 8px; object-fit: cover; aspect-ratio: 3\/4; cursor: pointer;\" src=\"https:\/\/fundacjawzc.pl\/wp-content\/uploads\/2026\/04\/1000031226.jpg\" alt=\"Czarno-bia\u0142e zdj\u0119cie dw\u00f3ch cz\u0142onk\u00f3w zespo\u0142u 'Nic z Tego' podczas koncertu. Gitarzysta gra na gitarze elektrycznej, a wokalistka \u015bpiewa do mikrofonu.\" \/><\/a>\n<\/div>\n\n<\/div>\t\t\t\t\t\t\t\t<\/div>\n\t\t\t\t<\/div>\n\t\t\t\t\t<\/div>\n\t\t\t\t<\/div>\n\t\t<div class=\"elementor-element elementor-element-e6c4c9d e-flex e-con-boxed e-con e-parent\" data-id=\"e6c4c9d\" data-element_type=\"container\" data-e-type=\"container\">\n\t\t\t\t\t<div class=\"e-con-inner\">\n\t\t\t\t<div class=\"elementor-element elementor-element-6cb5a8f elementor-widget elementor-widget-text-editor\" data-id=\"6cb5a8f\" data-element_type=\"widget\" data-e-type=\"widget\" data-widget_type=\"text-editor.default\">\n\t\t\t\t<div class=\"elementor-widget-container\">\n\t\t\t\t\t\t\t\t\t<div style=\"background-color: #f9f9f9; padding: 30px; border-radius: 10px; border-left: 4px solid #FFD700; margin: 30px 0;\">\n\n<img decoding=\"async\" style=\"width: 100px; display: block; margin: 0 auto 20px auto;\" src=\"https:\/\/fundacjawzc.pl\/wp-content\/uploads\/2026\/04\/AC-sygnet.png\" alt=\"Logo AlterCollective\" \/>\n\n<h3 style=\"margin-top: 0; text-align: center;\">AlterCollective<\/h3>\n\n<p>We are delighted to introduce another of the Foundation\u2019s Partners \u2013 the musical duo AlterCollective, made up of Kuba and Emil.<\/p>\n\n<p>This band from the Tri-City offers something truly special in its simplicity \u2013 live music, unfiltered, unhurried, and deeply personal. Kuba and Emil specialise in acoustic renditions of well-known songs. Their covers are not mere reproductions \u2013 they are new stories that set the mood, make you pause, and offer a moment\u2019s respite from the daily grind.<\/p>\n\n<p>Their sound is a blend of guitar, vocals and emotion \u2013 nothing excessive, no noise. Just enough to hear yourself and the person next to you.<\/p>\n\n<p>During the Foundation\u2019s events, they will create a space that perfectly embodies our vision:<br>\n<strong>\u201cGood morning, offline world!!! \u2013 Switch off your phone, switch on connection.\u201d<\/strong><\/p>\n\n<p>Their performance is more than just a concert \u2013 it is a gathering where music provides the backdrop for conversation, for simply being together, and for finding inner peace.<\/p>\n\n<p><strong>Thank you for being part of this journey.<\/strong><\/p>\n\n<img decoding=\"async\" style=\"width: 40%; margin-top: 20px; border-radius: 10px; display: block; margin-left: auto; margin-right: auto;\" src=\"https:\/\/fundacjawzc.pl\/wp-content\/uploads\/2026\/04\/Altercollective-photo-3-scaled.jpg\" alt=\"Zdj\u0119cie dw\u00f3ch cz\u0142onk\u00f3w zespo\u0142u AlterCollective \u2013 Kuby i Emila \u2013 graj\u0105cych na gitarach akustycznych na pla\u017cy. Obaj nosz\u0105 okulary przeciws\u0142oneczne i ciep\u0142e ubrania. W tle wida\u0107 morze i spaceruj\u0105cych ludzi. Zdj\u0119cie oddaje relaksacyjn\u0105 i artystyczn\u0105 atmosfer\u0119.\" \/>\n\n<\/div>\t\t\t\t\t\t\t\t<\/div>\n\t\t\t\t<\/div>\n\t\t\t\t\t<\/div>\n\t\t\t\t<\/div>\n\t\t<div class=\"elementor-element elementor-element-e631a0c e-flex e-con-boxed e-con e-parent\" data-id=\"e631a0c\" data-element_type=\"container\" data-e-type=\"container\">\n\t\t\t\t\t<div class=\"e-con-inner\">\n\t\t\t\t<div class=\"elementor-element elementor-element-19ce6d1 elementor-widget elementor-widget-text-editor\" data-id=\"19ce6d1\" data-element_type=\"widget\" data-e-type=\"widget\" data-widget_type=\"text-editor.default\">\n\t\t\t\t<div class=\"elementor-widget-container\">\n\t\t\t\t\t\t\t\t\t<div style=\"background-color: #f9f9f9; padding: 30px; border-radius: 10px; border-left: 4px solid #FFD700; margin: 30px 0;\">\n\n  <h3 style=\"margin-top: 0; text-align: center;\">Dr Oleksandr Duplenko<\/h3>\n\n  <p><strong>We are proud to introduce our Partner<\/strong> \u2013 Dr Oleksandra Duplenko, a doctor who wishes to use her knowledge and experience to help people going through difficult times.<\/p>\n\n  <p>Dr Oleksandr Duplenko completed his medical studies in Ukraine, where he qualified as a doctor and specialised in neurology. He currently practises medicine in Poland, combining his clinical expertise with a deep understanding of the impact of emotional experiences on human health.<\/p>\n\n  <p>His presence at the Foundation is a key part of our mission \u2013 because we believe that: <strong>A person is a whole \u2013 body, emotions and what goes on inside them.<\/strong> In situations where difficult experiences, stress and trauma begin to manifest themselves physically \u2013 leading to neurological symptoms, tension, insomnia or chronic fatigue \u2013 what is needed is not just a conversation, but also professional medical care.<\/p>\n\n  <p>As part of his collaboration with the Foundation, Dr Oleksandr Duplenko is conducting:<\/p>\n\n  <div style=\"background-color: #fff8e1; border-radius: 8px; padding: 20px; margin: 15px 0;\">\n    <p style=\"margin: 0 0 8px 0;\"><strong>Free medical consultations<\/strong><\/p>\n    <p style=\"margin: 4px 0;\"> <strong>Location:<\/strong> the headquarters of the Wyj\u015b\u0107 z Ciemno\u015bci Foundation in Gda\u0144sk, 11 Gradowa Street, flat 302<\/p>\n    <p style=\"margin: 4px 0;\"> <strong>Date:<\/strong> Every Saturday, from 9.00 am to 12.00 pm<\/p>\n    <p style=\"margin: 4px 0;\"><strong>Format:<\/strong> regular duty shifts<\/p>\n  <\/div>\n\n  <p>You can only take part in the consultation after completing the registration form, which is available on the Foundation\u2019s website under the tab: <strong>\u201cNews\u201d<\/strong><\/p>\n\n  <p>The aim of the consultation is to take that first step \u2013 to focus on the body, understand its signals and begin the journey towards balance. The doctor\u2019s presence at the Foundation is not just about medical support \u2013 it is also a sign that the process of recovering from difficult experiences requires care for the whole person.<\/p>\n\n  <a href=\"https:\/\/fundacjawzc.pl\/wp-content\/uploads\/2026\/04\/0.jpg\" target=\"_blank\" rel=\"noopener\">\n    <img decoding=\"async\"\n      src=\"https:\/\/fundacjawzc.pl\/wp-content\/uploads\/2026\/04\/0.jpg\"\n      alt=\"Lek. Oleksandr Duplenko \u2013 Partner Fundacji Wyj\u015b\u0107 z Ciemno\u015bci\"\n      style=\"width: 280px; max-width: 60%; display: block; margin: 20px auto; border-radius: 10px; cursor: pointer;\"\n    \/>\n  <\/a>\n\n  <p style=\"text-align: center; margin-top: 20px;\">\n    <a href=\"https:\/\/fundacjawzc.pl\/wp-content\/uploads\/2026\/04\/Duplenko-Oleksandr-Decyzja-MZ.pdf\" target=\"_blank\" rel=\"noopener\" style=\"display: inline-block; background-color: #FFD700; color: #333; padding: 12px 24px; border-radius: 8px; text-decoration: none; font-weight: bold;\">\n      See the Ministry of Health\u2019s decision\n    <\/a>\n  <\/p>\n\n  <strong>Thank you for your trust and commitment.<\/strong>\n\n<\/div>\n\t\t\t\t\t\t\t\t<\/div>\n\t\t\t\t<\/div>\n\t\t\t\t\t<\/div>\n\t\t\t\t<\/div>\n\t\t<div class=\"elementor-element elementor-element-78eda6d e-flex e-con-boxed e-con e-parent\" data-id=\"78eda6d\" data-element_type=\"container\" data-e-type=\"container\">\n\t\t\t\t\t<div class=\"e-con-inner\">\n\t\t\t\t<div class=\"elementor-element elementor-element-5c8ad20 elementor-widget elementor-widget-text-editor\" data-id=\"5c8ad20\" data-element_type=\"widget\" data-e-type=\"widget\" data-widget_type=\"text-editor.default\">\n\t\t\t\t<div class=\"elementor-widget-container\">\n\t\t\t\t\t\t\t\t\t<audio id=\"muzyka\" loop=\"loop\"><span data-mce-type=\"bookmark\" style=\"display: inline-block; width: 0px; overflow: hidden; line-height: 0;\" class=\"mce_SELRES_start\"><\/span><span data-mce-type=\"bookmark\" style=\"display: inline-block; width: 0px; overflow: hidden; line-height: 0;\" class=\"mce_SELRES_start\"><\/span><span data-mce-type=\"bookmark\" style=\"display: inline-block; width: 0px; overflow: hidden; line-height: 0;\" class=\"mce_SELRES_start\"><\/span>\n<source src=\"https:\/\/fundacjawzc.pl\/wp-content\/uploads\/2026\/04\/Canon-In-D-Deep-House-Remix-Alexandre-Pachabezian.mp3\" type=\"audio\/mpeg\" \/>\n<\/audio>\n<script>\n  window.onload = function() {\n    var audio = document.getElementById('muzyka');\n    audio.volume = 0.2;\n    audio.play();\n  }\n<\/script>\t\t\t\t\t\t\t\t<\/div>\n\t\t\t\t<\/div>\n\t\t\t\t\t<\/div>\n\t\t\t\t<\/div>\n\t\t\t\t<\/div>","protected":false},"excerpt":{"rendered":"<p>Partnerzy Fundacji Fundacja Wyj\u015b\u0107 z Ciemno\u015bci wsp\u00f3\u0142pracuje z fundacjami, stowarzyszeniami, instytucjami publicznymi, o\u015brodkami terapeutycznymi, \u015brodowiskami naukowymi, kulturalnymi oraz polskimi parafiami w kraju i za granic\u0105. Razem budujemy sie\u0107 wsparcia dla os\u00f3b w kryzysie. Je\u015bli chcesz nawi\u0105za\u0107 wsp\u00f3\u0142prac\u0119 \u2014 skontaktuj si\u0119 z nami. Stowarzyszenie In\u017cynieria Dobrych Serc Stowarzyszenie In\u017cynieria Dobrych Serc Stowarzyszenie wykorzystuj\u0105ce technologi\u0119 i in\u017cynieri\u0119 [&hellip;]<\/p>\n","protected":false},"author":1,"featured_media":0,"parent":0,"menu_order":0,"comment_status":"closed","ping_status":"closed","template":"","meta":{"site-sidebar-layout":"no-sidebar","site-content-layout":"page-builder","ast-site-content-layout":"full-width-container","site-content-style":"unboxed","site-sidebar-style":"unboxed","ast-global-header-display":"","ast-banner-title-visibility":"","ast-main-header-display":"","ast-hfb-above-header-display":"","ast-hfb-below-header-display":"","ast-hfb-mobile-header-display":"","site-post-title":"disabled","ast-breadcrumbs-content":"","ast-featured-img":"disabled","footer-sml-layout":"","ast-disable-related-posts":"","theme-transparent-header-meta":"","adv-header-id-meta":"","stick-header-meta":"","header-above-stick-meta":"","header-main-stick-meta":"","header-below-stick-meta":"","astra-migrate-meta-layouts":"set","ast-page-background-enabled":"default","ast-page-background-meta":{"desktop":{"background-color":"","background-image":"","background-repeat":"repeat","background-position":"center center","background-size":"auto","background-attachment":"scroll","background-type":"","background-media":"","overlay-type":"","overlay-color":"","overlay-opacity":"","overlay-gradient":""},"tablet":{"background-color":"","background-image":"","background-repeat":"repeat","background-position":"center center","background-size":"auto","background-attachment":"scroll","background-type":"","background-media":"","overlay-type":"","overlay-color":"","overlay-opacity":"","overlay-gradient":""},"mobile":{"background-color":"","background-image":"","background-repeat":"repeat","background-position":"center center","background-size":"auto","background-attachment":"scroll","background-type":"","background-media":"","overlay-type":"","overlay-color":"","overlay-opacity":"","overlay-gradient":""}},"ast-content-background-meta":{"desktop":{"background-color":"var(--ast-global-color-5)","background-image":"","background-repeat":"repeat","background-position":"center center","background-size":"auto","background-attachment":"scroll","background-type":"","background-media":"","overlay-type":"","overlay-color":"","overlay-opacity":"","overlay-gradient":""},"tablet":{"background-color":"var(--ast-global-color-5)","background-image":"","background-repeat":"repeat","background-position":"center center","background-size":"auto","background-attachment":"scroll","background-type":"","background-media":"","overlay-type":"","overlay-color":"","overlay-opacity":"","overlay-gradient":""},"mobile":{"background-color":"var(--ast-global-color-5)","background-image":"","background-repeat":"repeat","background-position":"center center","background-size":"auto","background-attachment":"scroll","background-type":"","background-media":"","overlay-type":"","overlay-color":"","overlay-opacity":"","overlay-gradient":""}},"footnotes":""},"class_list":["post-1985","page","type-page","status-publish","hentry"],"_links":{"self":[{"href":"https:\/\/fundacjawzc.pl\/en\/wp-json\/wp\/v2\/pages\/1985","targetHints":{"allow":["GET"]}}],"collection":[{"href":"https:\/\/fundacjawzc.pl\/en\/wp-json\/wp\/v2\/pages"}],"about":[{"href":"https:\/\/fundacjawzc.pl\/en\/wp-json\/wp\/v2\/types\/page"}],"author":[{"embeddable":true,"href":"https:\/\/fundacjawzc.pl\/en\/wp-json\/wp\/v2\/users\/1"}],"replies":[{"embeddable":true,"href":"https:\/\/fundacjawzc.pl\/en\/wp-json\/wp\/v2\/comments?post=1985"}],"version-history":[{"count":111,"href":"https:\/\/fundacjawzc.pl\/en\/wp-json\/wp\/v2\/pages\/1985\/revisions"}],"predecessor-version":[{"id":3918,"href":"https:\/\/fundacjawzc.pl\/en\/wp-json\/wp\/v2\/pages\/1985\/revisions\/3918"}],"wp:attachment":[{"href":"https:\/\/fundacjawzc.pl\/en\/wp-json\/wp\/v2\/media?parent=1985"}],"curies":[{"name":"wp","href":"https:\/\/api.w.org\/{rel}","templated":true}]}}