{"id":3923,"date":"2026-04-27T09:23:44","date_gmt":"2026-04-27T09:23:44","guid":{"rendered":"https:\/\/fundacjawzc.pl\/?page_id=3923"},"modified":"2026-04-27T14:26:06","modified_gmt":"2026-04-27T14:26:06","slug":"galeria","status":"publish","type":"page","link":"https:\/\/fundacjawzc.pl\/en\/galeria\/","title":{"rendered":"Galeria Zdj\u0119\u0107"},"content":{"rendered":"<div data-elementor-type=\"wp-page\" data-elementor-id=\"3923\" class=\"elementor elementor-3923\">\n\t\t\t\t<div class=\"elementor-element elementor-element-a2cc7c8 e-flex e-con-boxed e-con e-parent\" data-id=\"a2cc7c8\" data-element_type=\"container\" data-e-type=\"container\">\n\t\t\t\t\t<div class=\"e-con-inner\">\n\t\t\t\t<div class=\"elementor-element elementor-element-0f67d4c elementor-widget elementor-widget-heading\" data-id=\"0f67d4c\" data-element_type=\"widget\" data-e-type=\"widget\" data-widget_type=\"heading.default\">\n\t\t\t\t<div class=\"elementor-widget-container\">\n\t\t\t\t\t<h2 class=\"elementor-heading-title elementor-size-default\">Galeria Zdj\u0119\u0107<\/h2>\t\t\t\t<\/div>\n\t\t\t\t<\/div>\n\t\t\t\t<div class=\"elementor-element elementor-element-8509084 elementor-widget-divider--view-line elementor-widget elementor-widget-divider\" data-id=\"8509084\" data-element_type=\"widget\" data-e-type=\"widget\" data-widget_type=\"divider.default\">\n\t\t\t\t<div class=\"elementor-widget-container\">\n\t\t\t\t\t\t\t<div class=\"elementor-divider\">\n\t\t\t<span class=\"elementor-divider-separator\">\n\t\t\t\t\t\t<\/span>\n\t\t<\/div>\n\t\t\t\t\t\t<\/div>\n\t\t\t\t<\/div>\n\t\t\t\t<div class=\"elementor-element elementor-element-b26f3c7 elementor-widget__width-initial elementor-widget elementor-widget-text-editor\" data-id=\"b26f3c7\" data-element_type=\"widget\" data-e-type=\"widget\" data-widget_type=\"text-editor.default\">\n\t\t\t\t<div class=\"elementor-widget-container\">\n\t\t\t\t\t\t\t\t\tGaleria Fundacji Wyj\u015b\u0107 z Ciemno\u015bci to zbi\u00f3r wspomnie\u0144 z naszych wydarze\u0144 \u2013 warsztat\u00f3w, spacer\u00f3w, spotka\u0144 i chwil, kt\u00f3re tworzymy razem z naszymi Partnerami i uczestnikami. To miejsca, w kt\u00f3rych dzieje si\u0119 co\u015b prawdziwego.\nObserwuj nas i b\u0105d\u017a cz\u0119\u015bci\u0105 tej historii.\t\t\t\t\t\t\t\t<\/div>\n\t\t\t\t<\/div>\n\t\t\t\t\t<\/div>\n\t\t\t\t<\/div>\n\t\t<div class=\"elementor-element elementor-element-25de4c9 e-flex e-con-boxed e-con e-parent\" data-id=\"25de4c9\" data-element_type=\"container\" data-e-type=\"container\">\n\t\t\t\t\t<div class=\"e-con-inner\">\n\t\t\t\t<div class=\"elementor-element elementor-element-5a8437c elementor-widget elementor-widget-text-editor\" data-id=\"5a8437c\" data-element_type=\"widget\" data-e-type=\"widget\" data-widget_type=\"text-editor.default\">\n\t\t\t\t<div class=\"elementor-widget-container\">\n\t\t\t\t\t\t\t\t\t<div style=\"display: flex; flex-wrap: wrap; gap: 20px; justify-content: center; padding: 20px 0;\">\n\n  <a href=\"https:\/\/fundacjawzc.pl\/en\/galeria\/wiosenny-spacer-rysunkowy\/\" style=\"text-decoration: none; color: inherit;\">\n  <div style=\"width: 300px; border-radius: 10px; overflow: hidden; box-shadow: 0 4px 15px rgba(0,0,0,0.1); transition: transform 0.2s; cursor: pointer;\" onmouseover=\"this.style.transform='scale(1.03)'\" onmouseout=\"this.style.transform='scale(1)'\">\n    <img decoding=\"async\" style=\"width: 100%; height: 200px; object-fit: cover; display: block;\" src=\"https:\/\/fundacjawzc.pl\/wp-content\/uploads\/2026\/04\/20260418_151104-scaled.jpg\" alt=\"Uczestnicy Wiosennego Spaceru Rysunkowego\" \/>\n    <div style=\"padding: 15px; background: #f9f9f9; border-left: 4px solid #FFD700;\">\n      <h3 style=\"margin: 0 0 5px 0; font-size: 16px;\">Wiosenny Spacer Rysunkowy<\/h3>\n      <p style=\"margin: 0; font-size: 13px; color: #888;\">18 kwietnia 2026<\/p>\n    <\/div>\n  <\/div>\n  <\/a>\n\n<\/div>\t\t\t\t\t\t\t\t<\/div>\n\t\t\t\t<\/div>\n\t\t\t\t\t<\/div>\n\t\t\t\t<\/div>\n\t\t\t\t<\/div>","protected":false},"excerpt":{"rendered":"<p>Galeria Zdj\u0119\u0107 Galeria Fundacji Wyj\u015b\u0107 z Ciemno\u015bci to zbi\u00f3r wspomnie\u0144 z naszych wydarze\u0144 \u2013 warsztat\u00f3w, spacer\u00f3w, spotka\u0144 i chwil, kt\u00f3re tworzymy razem z naszymi Partnerami i uczestnikami. To miejsca, w kt\u00f3rych dzieje si\u0119 co\u015b prawdziwego. Obserwuj nas i b\u0105d\u017a cz\u0119\u015bci\u0105 tej historii. Wiosenny Spacer Rysunkowy 18 kwietnia 2026<\/p>","protected":false},"author":1,"featured_media":0,"parent":0,"menu_order":0,"comment_status":"closed","ping_status":"closed","template":"","meta":{"site-sidebar-layout":"default","site-content-layout":"","ast-site-content-layout":"default","site-content-style":"default","site-sidebar-style":"default","ast-global-header-display":"","ast-banner-title-visibility":"","ast-main-header-display":"","ast-hfb-above-header-display":"","ast-hfb-below-header-display":"","ast-hfb-mobile-header-display":"","site-post-title":"disabled","ast-breadcrumbs-content":"","ast-featured-img":"","footer-sml-layout":"","ast-disable-related-posts":"","theme-transparent-header-meta":"","adv-header-id-meta":"","stick-header-meta":"","header-above-stick-meta":"","header-main-stick-meta":"","header-below-stick-meta":"","astra-migrate-meta-layouts":"default","ast-page-background-enabled":"default","ast-page-background-meta":{"desktop":{"background-color":"","background-image":"","background-repeat":"repeat","background-position":"center center","background-size":"auto","background-attachment":"scroll","background-type":"","background-media":"","overlay-type":"","overlay-color":"","overlay-opacity":"","overlay-gradient":""},"tablet":{"background-color":"","background-image":"","background-repeat":"repeat","background-position":"center center","background-size":"auto","background-attachment":"scroll","background-type":"","background-media":"","overlay-type":"","overlay-color":"","overlay-opacity":"","overlay-gradient":""},"mobile":{"background-color":"","background-image":"","background-repeat":"repeat","background-position":"center center","background-size":"auto","background-attachment":"scroll","background-type":"","background-media":"","overlay-type":"","overlay-color":"","overlay-opacity":"","overlay-gradient":""}},"ast-content-background-meta":{"desktop":{"background-color":"var(--ast-global-color-5)","background-image":"","background-repeat":"repeat","background-position":"center center","background-size":"auto","background-attachment":"scroll","background-type":"","background-media":"","overlay-type":"","overlay-color":"","overlay-opacity":"","overlay-gradient":""},"tablet":{"background-color":"var(--ast-global-color-5)","background-image":"","background-repeat":"repeat","background-position":"center center","background-size":"auto","background-attachment":"scroll","background-type":"","background-media":"","overlay-type":"","overlay-color":"","overlay-opacity":"","overlay-gradient":""},"mobile":{"background-color":"var(--ast-global-color-5)","background-image":"","background-repeat":"repeat","background-position":"center center","background-size":"auto","background-attachment":"scroll","background-type":"","background-media":"","overlay-type":"","overlay-color":"","overlay-opacity":"","overlay-gradient":""}},"footnotes":""},"class_list":["post-3923","page","type-page","status-publish","hentry"],"_links":{"self":[{"href":"https:\/\/fundacjawzc.pl\/en\/wp-json\/wp\/v2\/pages\/3923","targetHints":{"allow":["GET"]}}],"collection":[{"href":"https:\/\/fundacjawzc.pl\/en\/wp-json\/wp\/v2\/pages"}],"about":[{"href":"https:\/\/fundacjawzc.pl\/en\/wp-json\/wp\/v2\/types\/page"}],"author":[{"embeddable":true,"href":"https:\/\/fundacjawzc.pl\/en\/wp-json\/wp\/v2\/users\/1"}],"replies":[{"embeddable":true,"href":"https:\/\/fundacjawzc.pl\/en\/wp-json\/wp\/v2\/comments?post=3923"}],"version-history":[{"count":22,"href":"https:\/\/fundacjawzc.pl\/en\/wp-json\/wp\/v2\/pages\/3923\/revisions"}],"predecessor-version":[{"id":4021,"href":"https:\/\/fundacjawzc.pl\/en\/wp-json\/wp\/v2\/pages\/3923\/revisions\/4021"}],"wp:attachment":[{"href":"https:\/\/fundacjawzc.pl\/en\/wp-json\/wp\/v2\/media?parent=3923"}],"curies":[{"name":"wp","href":"https:\/\/api.w.org\/{rel}","templated":true}]}}