{"id":541,"date":"2025-12-09T15:44:22","date_gmt":"2025-12-09T15:44:22","guid":{"rendered":"https:\/\/fundacjawzc.pl\/about\/"},"modified":"2026-04-25T18:48:24","modified_gmt":"2026-04-25T18:48:24","slug":"fundacja","status":"publish","type":"page","link":"https:\/\/fundacjawzc.pl\/en\/fundacja\/","title":{"rendered":"Foundation"},"content":{"rendered":"<div data-elementor-type=\"wp-post\" data-elementor-id=\"541\" class=\"elementor elementor-541\">\n\t\t\t\t<div class=\"elementor-element elementor-element-5f02ddf full-width-section  e-flex e-con-boxed e-con e-parent\" data-id=\"5f02ddf\" data-element_type=\"container\" data-e-type=\"container\" id=\"full-width-section\" data-settings=\"{&quot;background_background&quot;:&quot;classic&quot;}\">\n\t\t\t\t\t<div class=\"e-con-inner\">\n\t\t<div class=\"elementor-element elementor-element-0502d81 e-con-full e-flex e-con e-child\" data-id=\"0502d81\" data-element_type=\"container\" data-e-type=\"container\">\n\t\t\t\t<div class=\"elementor-element elementor-element-03d202b elementor-widget elementor-widget-heading\" data-id=\"03d202b\" data-element_type=\"widget\" data-e-type=\"widget\" data-widget_type=\"heading.default\">\n\t\t\t\t<div class=\"elementor-widget-container\">\n\t\t\t\t\t<h1 class=\"elementor-heading-title elementor-size-default\">The WYJ\u015a\u0106 Z CIEMNO\u015aCI Foundation<\/h1>\t\t\t\t<\/div>\n\t\t\t\t<\/div>\n\t\t\t\t<\/div>\n\t\t\t\t\t<\/div>\n\t\t\t\t<\/div>\n\t\t<div class=\"elementor-element elementor-element-91dddca e-flex e-con-boxed e-con e-parent\" data-id=\"91dddca\" data-element_type=\"container\" data-e-type=\"container\">\n\t\t\t\t\t<div class=\"e-con-inner\">\n\t\t\t\t<div class=\"elementor-element elementor-element-ddeef9a navy-tekst elementor-widget elementor-widget-text-editor\" data-id=\"ddeef9a\" data-element_type=\"widget\" data-e-type=\"widget\" data-widget_type=\"text-editor.default\">\n\t\t\t\t<div class=\"elementor-widget-container\">\n\t\t\t\t\t\t\t\t\t<blockquote style=\"border-left: 4px solid #FFD700; padding-left: 20px; margin: 30px 0; font-style: italic; font-size: 18px; color: #404040;\">\n\u2018The journey begins in silence. Understanding arises from within, and meaning is found before direction.\u2019\n\n<footer style=\"font-style: normal; font-size: 14px; margin-top: 10px;\">\u2014 Adam Szoty\u0144ski<\/footer><\/blockquote>\t\t\t\t\t\t\t\t<\/div>\n\t\t\t\t<\/div>\n\t\t\t\t<div class=\"elementor-element elementor-element-cfeb0c7 elementor-widget elementor-widget-html\" data-id=\"cfeb0c7\" data-element_type=\"widget\" data-e-type=\"widget\" data-widget_type=\"html.default\">\n\t\t\t\t<div class=\"elementor-widget-container\">\n\t\t\t\t\t<script type=\"application\/ld+json\">\n{\n  \"@context\": \"https:\/\/schema.org\",\n  \"@type\": \"Quotation\",\n  \"text\": \"W ciszy zaczyna si\u0119 droga. Zrozumienie rodzi si\u0119 w g\u0142\u0119bi, a sens odnajduje si\u0119 wcze\u015bniej ni\u017c kierunek.\",\n  \"spokenByCharacter\": {\n    \"@type\": \"Person\",\n    \"name\": \"Adam Szoty\u0144ski\"\n  }\n}\n<\/script>\t\t\t\t<\/div>\n\t\t\t\t<\/div>\n\t\t\t\t\t<\/div>\n\t\t\t\t<\/div>\n\t\t<div class=\"elementor-element elementor-element-ce23579 e-flex e-con-boxed e-con e-parent\" data-id=\"ce23579\" data-element_type=\"container\" data-e-type=\"container\">\n\t\t\t\t\t<div class=\"e-con-inner\">\n\t\t<div class=\"elementor-element elementor-element-89a7aec e-con-full e-flex e-con e-child\" data-id=\"89a7aec\" data-element_type=\"container\" data-e-type=\"container\">\n\t\t\t\t<div class=\"elementor-element elementor-element-a01f0dc elementor-widget elementor-widget-heading\" data-id=\"a01f0dc\" data-element_type=\"widget\" data-e-type=\"widget\" data-widget_type=\"heading.default\">\n\t\t\t\t<div class=\"elementor-widget-container\">\n\t\t\t\t\t<h2 class=\"elementor-heading-title elementor-size-default\">About the Foundation<\/h2>\t\t\t\t<\/div>\n\t\t\t\t<\/div>\n\t\t\t\t<div class=\"elementor-element elementor-element-c43b3dd elementor-widget-divider--view-line elementor-widget elementor-widget-divider\" data-id=\"c43b3dd\" data-element_type=\"widget\" data-e-type=\"widget\" data-widget_type=\"divider.default\">\n\t\t\t\t<div class=\"elementor-widget-container\">\n\t\t\t\t\t\t\t<div class=\"elementor-divider\">\n\t\t\t<span class=\"elementor-divider-separator\">\n\t\t\t\t\t\t<\/span>\n\t\t<\/div>\n\t\t\t\t\t\t<\/div>\n\t\t\t\t<\/div>\n\t\t\t\t<div class=\"elementor-element elementor-element-e871351 elementor-widget elementor-widget-text-editor\" data-id=\"e871351\" data-element_type=\"widget\" data-e-type=\"widget\" data-widget_type=\"text-editor.default\">\n\t\t\t\t<div class=\"elementor-widget-container\">\n\t\t\t\t\t\t\t\t\tThe Wyj\u015b\u0107 z Ciemno\u015bci Foundation was established to support people affected by psychological violence, mainly in intimate relationships, addictions and emotional crises. Our mission is to restore hope, self-esteem and agency to people who have experienced difficult, often toxic relationships and life traumas.\n\nWe believe that empathy is not a weakness, but a strength that allows you to emerge from chaos, rebuild yourself and create healthy relationships.\n<br><br>\n<h4>We operate at the intersection of:<\/h4>\n<ul>\n \t<li>Education<\/li>\n \t<li>Prevention<\/li>\n \t<li>Cultures<\/li>\n \t<li>Psychological support<\/li>\n<\/ul>\nWe combine personal experience with sound social and psychological knowledge.\t\t\t\t\t\t\t\t<\/div>\n\t\t\t\t<\/div>\n\t\t\t\t<\/div>\n\t\t\t\t\t<\/div>\n\t\t\t\t<\/div>\n\t\t<div class=\"elementor-element elementor-element-05287eb e-flex e-con-boxed e-con e-parent\" data-id=\"05287eb\" data-element_type=\"container\" data-e-type=\"container\">\n\t\t\t\t\t<div class=\"e-con-inner\">\n\t\t<div class=\"elementor-element elementor-element-6f6e854 e-con-full e-flex e-con e-child\" data-id=\"6f6e854\" data-element_type=\"container\" data-e-type=\"container\">\n\t\t\t\t<div class=\"elementor-element elementor-element-273ef15 elementor-widget elementor-widget-heading\" data-id=\"273ef15\" data-element_type=\"widget\" data-e-type=\"widget\" data-widget_type=\"heading.default\">\n\t\t\t\t<div class=\"elementor-widget-container\">\n\t\t\t\t\t<h2 class=\"elementor-heading-title elementor-size-default\">Where do we operate?<\/h2>\t\t\t\t<\/div>\n\t\t\t\t<\/div>\n\t\t\t\t<div class=\"elementor-element elementor-element-bfcca1e elementor-widget-divider--view-line elementor-widget elementor-widget-divider\" data-id=\"bfcca1e\" data-element_type=\"widget\" data-e-type=\"widget\" data-widget_type=\"divider.default\">\n\t\t\t\t<div class=\"elementor-widget-container\">\n\t\t\t\t\t\t\t<div class=\"elementor-divider\">\n\t\t\t<span class=\"elementor-divider-separator\">\n\t\t\t\t\t\t<\/span>\n\t\t<\/div>\n\t\t\t\t\t\t<\/div>\n\t\t\t\t<\/div>\n\t\t\t\t<div class=\"elementor-element elementor-element-169c671 elementor-widget elementor-widget-text-editor\" data-id=\"169c671\" data-element_type=\"widget\" data-e-type=\"widget\" data-widget_type=\"text-editor.default\">\n\t\t\t\t<div class=\"elementor-widget-container\">\n\t\t\t\t\t\t\t\t\t<p>The foundation operates in Gda\u0144sk, with plans to expand throughout Poland based on modern technologies. If necessary, we also go beyond the country's borders, cooperating with other foundations, associations, public institutions, the media, scientific and cultural circles, and Polish parishes.<\/p>\t\t\t\t\t\t\t\t<\/div>\n\t\t\t\t<\/div>\n\t\t\t\t<\/div>\n\t\t<div class=\"elementor-element elementor-element-c59f32e e-con-full e-flex e-con e-child\" data-id=\"c59f32e\" data-element_type=\"container\" data-e-type=\"container\">\n\t\t\t\t<div class=\"elementor-element elementor-element-5d1191c elementor-widget elementor-widget-heading\" data-id=\"5d1191c\" data-element_type=\"widget\" data-e-type=\"widget\" data-widget_type=\"heading.default\">\n\t\t\t\t<div class=\"elementor-widget-container\">\n\t\t\t\t\t<h2 class=\"elementor-heading-title elementor-size-default\">The Foundation's goals:<\/h2>\t\t\t\t<\/div>\n\t\t\t\t<\/div>\n\t\t\t\t<div class=\"elementor-element elementor-element-f36e30d elementor-widget-divider--view-line elementor-widget elementor-widget-divider\" data-id=\"f36e30d\" data-element_type=\"widget\" data-e-type=\"widget\" data-widget_type=\"divider.default\">\n\t\t\t\t<div class=\"elementor-widget-container\">\n\t\t\t\t\t\t\t<div class=\"elementor-divider\">\n\t\t\t<span class=\"elementor-divider-separator\">\n\t\t\t\t\t\t<\/span>\n\t\t<\/div>\n\t\t\t\t\t\t<\/div>\n\t\t\t\t<\/div>\n\t\t\t\t<div class=\"elementor-element elementor-element-3f2f132 elementor-widget elementor-widget-text-editor\" data-id=\"3f2f132\" data-element_type=\"widget\" data-e-type=\"widget\" data-widget_type=\"text-editor.default\">\n\t\t\t\t<div class=\"elementor-widget-container\">\n\t\t\t\t\t\t\t\t\t<h4>The aim of the Foundation is to protect:<\/h4>\n<ul>\n \t<li>mental health,<\/li>\n \t<li>combating violence,<\/li>\n \t<li>supporting the personal and emotional development of people in crisis.<\/li>\n<\/ul>\n<h4>How do we achieve our goals?<\/h4>\nIn particular, the Foundation pursues its objectives by:\n<ul>\n \t<li>combating addiction, including drug addiction, and psychological and emotional violence,<\/li>\n \t<li>supporting people experiencing abusive relationships, emotional abuse, mental health crises and life crises,<\/li>\n \t<li>promoting mental health, emotional wellbeing and safe interpersonal relationships,<\/li>\n \t<li>conducting educational and preventive activities in the field of addiction, violence, personal and emotional development,<\/li>\n \t<li>organising workshops, training courses, social campaigns, conferences and educational meetings,<\/li>\n \t<li>publishing activities, including the publication of books, magazines, educational and scientific materials,<\/li>\n \t<li>implementation of artistic and social projects promoting mental health and empathy,<\/li>\n \t<li>supporting research, analysis and initiatives concerning addiction, violence and emotional disorders,<\/li>\n \t<li>cooperation with public institutions, the media, scientific and cultural circles, and other social organisations with similar objectives,<\/li>\n \t<li>conducting information and promotional activities and educational platforms, including websites and social media.<\/li>\n<\/ul>\n<strong>All of the Foundation's income is allocated to the implementation of its statutory objectives.<\/strong>\t\t\t\t\t\t\t\t<\/div>\n\t\t\t\t<\/div>\n\t\t\t\t<\/div>\n\t\t\t\t\t<\/div>\n\t\t\t\t<\/div>\n\t\t<div class=\"elementor-element elementor-element-3713872 e-flex e-con-boxed e-con e-parent\" data-id=\"3713872\" data-element_type=\"container\" data-e-type=\"container\">\n\t\t\t\t\t<div class=\"e-con-inner\">\n\t\t\t\t<div class=\"elementor-element elementor-element-d40f1d2 elementor-widget elementor-widget-heading\" data-id=\"d40f1d2\" data-element_type=\"widget\" data-e-type=\"widget\" data-widget_type=\"heading.default\">\n\t\t\t\t<div class=\"elementor-widget-container\">\n\t\t\t\t\t<h2 class=\"elementor-heading-title elementor-size-default\">The meaning and idea behind its creation<\/h2>\t\t\t\t<\/div>\n\t\t\t\t<\/div>\n\t\t\t\t<div class=\"elementor-element elementor-element-06f7a73 elementor-widget-divider--view-line elementor-widget elementor-widget-divider\" data-id=\"06f7a73\" data-element_type=\"widget\" data-e-type=\"widget\" data-widget_type=\"divider.default\">\n\t\t\t\t<div class=\"elementor-widget-container\">\n\t\t\t\t\t\t\t<div class=\"elementor-divider\">\n\t\t\t<span class=\"elementor-divider-separator\">\n\t\t\t\t\t\t<\/span>\n\t\t<\/div>\n\t\t\t\t\t\t<\/div>\n\t\t\t\t<\/div>\n\t\t\t\t<div class=\"elementor-element elementor-element-e813ccc navy-tekst elementor-widget elementor-widget-text-editor\" data-id=\"e813ccc\" data-element_type=\"widget\" data-e-type=\"widget\" data-widget_type=\"text-editor.default\">\n\t\t\t\t<div class=\"elementor-widget-container\">\n\t\t\t\t\t\t\t\t\t\n\n<p>Fundacja Wyj\u015b\u0107 z Ciemno\u015bci powsta\u0142a z potrzeby realnej odpowiedzi na cierpienie, kt\u00f3re cz\u0119sto pozostaje niewidoczne, nienazwane i bagatelizowane.<\/p>\n\n<p>We deal with what happens between words, in relationships, in homes, in families and in the human psyche \u2014 where psychological violence, addictions and toxic bonds destroy self-esteem, security and identity.<\/p>\n\n<p>We believe that it is possible to emerge from darkness if a person is listened to, understood and equipped with the knowledge that allows them to name what they are experiencing.<\/p>\n\n<h2>The main areas of the Foundation's activity<\/h2>\n\n<h3>1. Mental health and recovery from crises<\/h3>\n\n<p>We work to protect the mental health of individuals:<\/p>\n\n<ul>\n  <li>experiencing psychological and emotional violence,<\/li>\n  <li>living in toxic family or partner relationships,<\/li>\n  <li>affected by addiction (their own or that of loved ones),<\/li>\n  <li>experiencing identity and emotional crises.<\/li>\n<\/ul>\n\n<p>We show that a crisis is not a weakness, but a sign that change, support and a safe space for recovery are needed.<\/p>\n\n<h3>2. Counteracting psychological violence and gaslighting<\/h3>\n\n<p>One of the key areas of our activity is education on psychological violence, including phenomena such as:<\/p>\n\n<ul>\n  <li>gaslighting,<\/li>\n  <li>emotional manipulation,<\/li>\n  <li>depreciation and belittling,<\/li>\n  <li>blaming others,<\/li>\n  <li>isolation and control.<\/li>\n<\/ul>\n\n<p>We help people recognise violence, understand its mechanisms, and regain trust in their own emotions, thoughts, and boundaries.<\/p>\n\n<h3>3. Education, prevention and social skills<\/h3>\n\n<p>The Foundation conducts educational and preventive activities aimed at:<\/p>\n\n<ul>\n  <li>young people,<\/li>\n  <li>adults,<\/li>\n  <li>families,<\/li>\n  <li>local communities,<\/li>\n  <li>schools, institutions and social organisations.<\/li>\n<\/ul>\n\n<p>We teach:<\/p>\n\n<ul>\n  <li>healthy relationships,<\/li>\n  <li>communication based on respect,<\/li>\n  <li>empathy as a social competence,<\/li>\n  <li>recognising early signs of violence and crisis,<\/li>\n  <li>responsibility for one's own boundaries and emotions.<\/li>\n<\/ul>\n\n<h3>4. Culture, art and words as tools for healing<\/h3>\n\n<p>We believe that words, images and art have therapeutic power. That is why one of the Foundation's areas of activity is:<\/p>\n\n<ul>\n  <li>publishing activities,<\/li>\n  <li>artistic and social projects,<\/li>\n  <li>book and educational publications,<\/li>\n  <li>social campaigns.<\/li>\n<\/ul>\n\n<p>Art allows us to touch upon difficult subjects without violence \u2014 and gives a voice to those who have been silent for a long time.<\/p>\n\n<h3>5. Cooperation and systemic action<\/h3>\n\n<p>The foundation does not operate in isolation. We cooperate with:<\/p>\n\n<ul>\n  <li>other foundations and associations,<\/li>\n  <li>public institutions,<\/li>\n  <li>educational and scientific communities,<\/li>\n  <li>media,<\/li>\n  <li>local communities.<\/li>\n<\/ul>\n\n<p>We build bridges instead of walls because we believe that real social change requires cooperation and trust.<\/p>\n\n<h2>Why \u2018Coming Out of Darkness\u2019?<\/h2>\n\n<p><strong>Darkness is:<\/strong><\/p>\n\n<ul>\n  <li>no name for the harm experienced,<\/li>\n  <li>loneliness in a relationship,<\/li>\n  <li>shame, guilt and confusion,<\/li>\n  <li>living in constant emotional tension.<\/li>\n<\/ul>\n\n<p><strong>Coming out of the darkness is:<\/strong><\/p>\n\n<ul>\n  <li>regaining one's voice,<\/li>\n  <li>understanding oneself,<\/li>\n  <li>setting boundaries,<\/li>\n  <li>restoring self-esteem,<\/li>\n  <li>return to the light \u2014 understood as awareness, empathy and responsibility.<\/li>\n<\/ul>\n\n<h2>Our message<\/h2>\n\n<blockquote style=\"border-left: 4px solid #FFD700; padding-left: 20px; margin: 30px 0; font-style: italic; font-size: 18px; color: #404040;\">\n  Empathy is not a weakness. It is a great power that needs to be discovered. The power to do good and give love \u2014 responsibly.\n<\/blockquote>\t\t\t\t\t\t\t\t<\/div>\n\t\t\t\t<\/div>\n\t\t\t\t\t<\/div>\n\t\t\t\t<\/div>\n\t\t<div class=\"elementor-element elementor-element-cccb907 e-flex e-con-boxed e-con e-parent\" data-id=\"cccb907\" data-element_type=\"container\" data-e-type=\"container\">\n\t\t\t\t\t<div class=\"e-con-inner\">\n\t\t<div class=\"elementor-element elementor-element-5a3404c e-con-full e-flex e-con e-child\" data-id=\"5a3404c\" data-element_type=\"container\" data-e-type=\"container\">\n\t\t\t\t<div class=\"elementor-element elementor-element-4d7e431 elementor-widget elementor-widget-heading\" data-id=\"4d7e431\" data-element_type=\"widget\" data-e-type=\"widget\" data-widget_type=\"heading.default\">\n\t\t\t\t<div class=\"elementor-widget-container\">\n\t\t\t\t\t<h2 class=\"elementor-heading-title elementor-size-default\">Founder<\/h2>\t\t\t\t<\/div>\n\t\t\t\t<\/div>\n\t\t\t\t<div class=\"elementor-element elementor-element-4a567ee elementor-widget-divider--view-line elementor-widget elementor-widget-divider\" data-id=\"4a567ee\" data-element_type=\"widget\" data-e-type=\"widget\" data-widget_type=\"divider.default\">\n\t\t\t\t<div class=\"elementor-widget-container\">\n\t\t\t\t\t\t\t<div class=\"elementor-divider\">\n\t\t\t<span class=\"elementor-divider-separator\">\n\t\t\t\t\t\t<\/span>\n\t\t<\/div>\n\t\t\t\t\t\t<\/div>\n\t\t\t\t<\/div>\n\t\t\t\t<\/div>\n\t\t<div class=\"elementor-element elementor-element-6425493 e-con-full e-flex e-con e-child\" data-id=\"6425493\" data-element_type=\"container\" data-e-type=\"container\">\n\t\t\t\t<div class=\"elementor-element elementor-element-8f6afb6 elementor-widget elementor-widget-image\" data-id=\"8f6afb6\" data-element_type=\"widget\" data-e-type=\"widget\" data-widget_type=\"image.default\">\n\t\t\t\t<div class=\"elementor-widget-container\">\n\t\t\t\t\t\t\t\t\t\t\t\t\t\t\t<img fetchpriority=\"high\" decoding=\"async\" width=\"1024\" height=\"683\" src=\"https:\/\/fundacjawzc.pl\/wp-content\/uploads\/2026\/01\/a1b1e935-9269-4115-8de3-12dfa7be76a7-1024x683.jpg\" class=\"attachment-large size-large wp-image-2352\" alt=\"Portret Adama Szoty\u0144skiego, m\u0119\u017cczyzny w okularach i z zegarkiem na r\u0119ku, u\u015bmiechni\u0119tego, z r\u0119k\u0105 podpart\u0105 pod g\u0142ow\u0105. Obok niego stoi bia\u0142a fili\u017canka kawy. Na grafice znajduje si\u0119 cytat: &#039;W ciszy zaczyna si\u0119 droga. Zrozumienie rodzi si\u0119 w g\u0142\u0119bi, a sens odnajduje si\u0119 wczesniej ni\u017c kierunek.&#039; Napis i zdj\u0119cie s\u0105 na ciemnym, jednolitym tle.\" srcset=\"https:\/\/fundacjawzc.pl\/wp-content\/uploads\/2026\/01\/a1b1e935-9269-4115-8de3-12dfa7be76a7-1024x683.jpg 1024w, https:\/\/fundacjawzc.pl\/wp-content\/uploads\/2026\/01\/a1b1e935-9269-4115-8de3-12dfa7be76a7-300x200.jpg 300w, https:\/\/fundacjawzc.pl\/wp-content\/uploads\/2026\/01\/a1b1e935-9269-4115-8de3-12dfa7be76a7-768x512.jpg 768w, https:\/\/fundacjawzc.pl\/wp-content\/uploads\/2026\/01\/a1b1e935-9269-4115-8de3-12dfa7be76a7-18x12.jpg 18w, https:\/\/fundacjawzc.pl\/wp-content\/uploads\/2026\/01\/a1b1e935-9269-4115-8de3-12dfa7be76a7.jpg 1536w\" sizes=\"(max-width: 1024px) 100vw, 1024px\" \/>\t\t\t\t\t\t\t\t\t\t\t\t\t\t\t<\/div>\n\t\t\t\t<\/div>\n\t\t\t\t<\/div>\n\t\t<div class=\"elementor-element elementor-element-d2ad762 e-con-full e-flex e-con e-child\" data-id=\"d2ad762\" data-element_type=\"container\" data-e-type=\"container\">\n\t\t\t\t<div class=\"elementor-element elementor-element-c5d7aac elementor-widget elementor-widget-text-editor\" data-id=\"c5d7aac\" data-element_type=\"widget\" data-e-type=\"widget\" data-widget_type=\"text-editor.default\">\n\t\t\t\t<div class=\"elementor-widget-container\">\n\t\t\t\t\t\t\t\t\t<h3>Adam Szoty\u0144ski<\/h3>\n\n<p><em>A dear man. Author, entrepreneur and initiator of spaces where change is possible.<\/em><\/p>\n\n<p>In his work and activities, he combines personal experience with in-depth reflection on the human psyche, relationships and the mechanisms of different personalities. He is the author of books born out of a need to understand himself, others and the world in which we are increasingly losing meaning rather than direction.<\/p>\n\n<p>Founder of the Wyj\u015b\u0107 z Ciemno\u015bci Foundation, whose mission is to accompany people in the process of overcoming crises, dependencies and relational traps. He believes that real change begins with the courage to look deep inside oneself \u2014 without illusions, but with hope.<\/p>\n\n<p>An entrepreneur who builds his own businesses based on responsibility, stability and long-term development. Through the activities of accounting offices within the Global Select Group, he supports others in organising their external reality, knowing that order in the world begins with internal order.<\/p>\n\n<p>He values continuous development \u2014 personal, relational and spiritual.<\/p>\n\n<p><strong>The Wyj\u015b\u0107 z Ciemno\u015bci Foundation was established as a natural continuation of this path \u2014 out of a need to give meaning to experiences that teach empathy, courage and responsibility for relationships.<\/strong><\/p>\n\t\t\t\t\t\t\t\t<\/div>\n\t\t\t\t<\/div>\n\t\t\t\t<\/div>\n\t\t\t\t\t<\/div>\n\t\t\t\t<\/div>\n\t\t<div class=\"elementor-element elementor-element-c24e828 e-flex e-con-boxed e-con e-parent\" data-id=\"c24e828\" data-element_type=\"container\" data-e-type=\"container\">\n\t\t\t\t\t<div class=\"e-con-inner\">\n\t\t\t\t<div class=\"elementor-element elementor-element-23901b9 navy-tekst elementor-widget elementor-widget-text-editor\" data-id=\"23901b9\" data-element_type=\"widget\" data-e-type=\"widget\" data-widget_type=\"text-editor.default\">\n\t\t\t\t<div class=\"elementor-widget-container\">\n\t\t\t\t\t\t\t\t\t<blockquote style=\"border-left: 4px solid #FFD700; padding-left: 20px; margin: 30px 0; font-style: italic; font-size: 18px; color: #404040;\">\nIf you feel that what you are reading also touches on your own story, you are not alone. The Wyj\u015b\u0107 z Ciemno\u015bci Foundation is a space where you can begin to understand and rediscover yourself.\n\n<footer style=\"font-style: normal; font-size: 14px; margin-top: 10px;\">\u2014 Adam Szoty\u0144ski<\/footer><\/blockquote>\t\t\t\t\t\t\t\t<\/div>\n\t\t\t\t<\/div>\n\t\t\t\t\t<\/div>\n\t\t\t\t<\/div>\n\t\t<div class=\"elementor-element elementor-element-8195a0d e-grid e-con-full e-con e-parent\" data-id=\"8195a0d\" data-element_type=\"container\" data-e-type=\"container\">\n\t\t\t\t<div class=\"elementor-element elementor-element-d040cfa elementor-align-center navy-tekst elementor-widget elementor-widget-button\" data-id=\"d040cfa\" data-element_type=\"widget\" data-e-type=\"widget\" data-widget_type=\"button.default\">\n\t\t\t\t<div class=\"elementor-widget-container\">\n\t\t\t\t\t\t\t\t\t<div class=\"elementor-button-wrapper\">\n\t\t\t\t\t<a class=\"elementor-button elementor-button-link elementor-size-sm\" href=\"https:\/\/fundacjawzc.pl\/wp-content\/uploads\/2026\/02\/STATUT-FUNDACJI.pdf\" target=\"_blank\">\n\t\t\t\t\t\t<span class=\"elementor-button-content-wrapper\">\n\t\t\t\t\t\t\t\t\t<span class=\"elementor-button-text\">statute<\/span>\n\t\t\t\t\t<\/span>\n\t\t\t\t\t<\/a>\n\t\t\t\t<\/div>\n\t\t\t\t\t\t\t\t<\/div>\n\t\t\t\t<\/div>\n\t\t\t\t<div class=\"elementor-element elementor-element-011634d elementor-align-center navy-tekst elementor-widget elementor-widget-button\" data-id=\"011634d\" data-element_type=\"widget\" data-e-type=\"widget\" data-widget_type=\"button.default\">\n\t\t\t\t<div class=\"elementor-widget-container\">\n\t\t\t\t\t\t\t\t\t<div class=\"elementor-button-wrapper\">\n\t\t\t\t\t<a class=\"elementor-button elementor-button-link elementor-size-sm\" href=\"https:\/\/fundacjawzc.pl\/en\/wsparcie\/\">\n\t\t\t\t\t\t<span class=\"elementor-button-content-wrapper\">\n\t\t\t\t\t\t\t\t\t<span class=\"elementor-button-text\">Support us<\/span>\n\t\t\t\t\t<\/span>\n\t\t\t\t\t<\/a>\n\t\t\t\t<\/div>\n\t\t\t\t\t\t\t\t<\/div>\n\t\t\t\t<\/div>\n\t\t\t\t<div class=\"elementor-element elementor-element-33e3785 elementor-align-center navy-tekst elementor-widget elementor-widget-button\" data-id=\"33e3785\" data-element_type=\"widget\" data-e-type=\"widget\" data-widget_type=\"button.default\">\n\t\t\t\t<div class=\"elementor-widget-container\">\n\t\t\t\t\t\t\t\t\t<div class=\"elementor-button-wrapper\">\n\t\t\t\t\t<a class=\"elementor-button elementor-button-link elementor-size-sm\" href=\"https:\/\/fundacjawzc.pl\/en\/zostan-wolontariuszem\/\">\n\t\t\t\t\t\t<span class=\"elementor-button-content-wrapper\">\n\t\t\t\t\t\t\t\t\t<span class=\"elementor-button-text\">Become a volunteer<\/span>\n\t\t\t\t\t<\/span>\n\t\t\t\t\t<\/a>\n\t\t\t\t<\/div>\n\t\t\t\t\t\t\t\t<\/div>\n\t\t\t\t<\/div>\n\t\t\t\t<\/div>\n\t\t<div class=\"elementor-element elementor-element-6664b3c e-flex e-con-boxed e-con e-parent\" data-id=\"6664b3c\" data-element_type=\"container\" data-e-type=\"container\">\n\t\t\t\t\t<div class=\"e-con-inner\">\n\t\t<div class=\"elementor-element elementor-element-591de4a e-con-full e-flex e-con e-child\" data-id=\"591de4a\" data-element_type=\"container\" data-e-type=\"container\">\n\t\t\t\t<div class=\"elementor-element elementor-element-1dc04e7 navy-tekst elementor-widget elementor-widget-text-editor\" data-id=\"1dc04e7\" data-element_type=\"widget\" data-e-type=\"widget\" data-widget_type=\"text-editor.default\">\n\t\t\t\t<div class=\"elementor-widget-container\">\n\t\t\t\t\t\t\t\t\t<p style=\"font-size: 14px; color: #666; margin-top: 40px; border-top: 1px solid #ddd; padding-top: 20px;\">\nThe Foundation has legal personality and operates on the basis of the provisions of the Act on Foundations and its own statutes. The Foundation is supervised by the minister responsible for health.\n<\/p>\t\t\t\t\t\t\t\t<\/div>\n\t\t\t\t<\/div>\n\t\t\t\t<\/div>\n\t\t\t\t\t<\/div>\n\t\t\t\t<\/div>\n\t\t\t\t<\/div>","protected":false},"excerpt":{"rendered":"<p>Fundacja WYJ\u015a\u0106 Z CIEMNO\u015aCI &#8222;W ciszy zaczyna si\u0119 droga. Zrozumienie rodzi si\u0119 w g\u0142\u0119bi, a sens odnajduje si\u0119 wcze\u015bniej ni\u017c kierunek.&#8221; \u2014 Adam Szoty\u0144ski O Fundacji Fundacja Wyj\u015b\u0107 z Ciemno\u015bci zosta\u0142a powo\u0142ana, aby wspiera\u0107 osoby dotkni\u0119te przemoc\u0105 psychiczn\u0105, g\u0142\u00f3wnie w relacjach partnerskich, uzale\u017cnieniami oraz kryzysami emocjonalnymi. Nasz\u0105 misj\u0105 jest przywracanie nadziei, poczucia warto\u015bci i sprawczo\u015bci [&hellip;]<\/p>\n","protected":false},"author":1,"featured_media":0,"parent":0,"menu_order":0,"comment_status":"closed","ping_status":"closed","template":"","meta":{"site-sidebar-layout":"no-sidebar","site-content-layout":"page-builder","ast-site-content-layout":"full-width-container","site-content-style":"unboxed","site-sidebar-style":"unboxed","ast-global-header-display":"","ast-banner-title-visibility":"","ast-main-header-display":"","ast-hfb-above-header-display":"","ast-hfb-below-header-display":"","ast-hfb-mobile-header-display":"","site-post-title":"disabled","ast-breadcrumbs-content":"","ast-featured-img":"disabled","footer-sml-layout":"","ast-disable-related-posts":"","theme-transparent-header-meta":"enabled","adv-header-id-meta":"","stick-header-meta":"","header-above-stick-meta":"","header-main-stick-meta":"","header-below-stick-meta":"","astra-migrate-meta-layouts":"set","ast-page-background-enabled":"default","ast-page-background-meta":{"desktop":{"background-color":"","background-image":"","background-repeat":"repeat","background-position":"center center","background-size":"auto","background-attachment":"scroll","background-type":"","background-media":"","overlay-type":"","overlay-color":"","overlay-opacity":"","overlay-gradient":""},"tablet":{"background-color":"","background-image":"","background-repeat":"repeat","background-position":"center center","background-size":"auto","background-attachment":"scroll","background-type":"","background-media":"","overlay-type":"","overlay-color":"","overlay-opacity":"","overlay-gradient":""},"mobile":{"background-color":"","background-image":"","background-repeat":"repeat","background-position":"center center","background-size":"auto","background-attachment":"scroll","background-type":"","background-media":"","overlay-type":"","overlay-color":"","overlay-opacity":"","overlay-gradient":""}},"ast-content-background-meta":{"desktop":{"background-color":"var(--ast-global-color-5)","background-image":"","background-repeat":"repeat","background-position":"center center","background-size":"auto","background-attachment":"scroll","background-type":"","background-media":"","overlay-type":"","overlay-color":"","overlay-opacity":"","overlay-gradient":""},"tablet":{"background-color":"var(--ast-global-color-5)","background-image":"","background-repeat":"repeat","background-position":"center center","background-size":"auto","background-attachment":"scroll","background-type":"","background-media":"","overlay-type":"","overlay-color":"","overlay-opacity":"","overlay-gradient":""},"mobile":{"background-color":"var(--ast-global-color-5)","background-image":"","background-repeat":"repeat","background-position":"center center","background-size":"auto","background-attachment":"scroll","background-type":"","background-media":"","overlay-type":"","overlay-color":"","overlay-opacity":"","overlay-gradient":""}},"footnotes":""},"class_list":["post-541","page","type-page","status-publish","hentry"],"_links":{"self":[{"href":"https:\/\/fundacjawzc.pl\/en\/wp-json\/wp\/v2\/pages\/541","targetHints":{"allow":["GET"]}}],"collection":[{"href":"https:\/\/fundacjawzc.pl\/en\/wp-json\/wp\/v2\/pages"}],"about":[{"href":"https:\/\/fundacjawzc.pl\/en\/wp-json\/wp\/v2\/types\/page"}],"author":[{"embeddable":true,"href":"https:\/\/fundacjawzc.pl\/en\/wp-json\/wp\/v2\/users\/1"}],"replies":[{"embeddable":true,"href":"https:\/\/fundacjawzc.pl\/en\/wp-json\/wp\/v2\/comments?post=541"}],"version-history":[{"count":203,"href":"https:\/\/fundacjawzc.pl\/en\/wp-json\/wp\/v2\/pages\/541\/revisions"}],"predecessor-version":[{"id":3876,"href":"https:\/\/fundacjawzc.pl\/en\/wp-json\/wp\/v2\/pages\/541\/revisions\/3876"}],"wp:attachment":[{"href":"https:\/\/fundacjawzc.pl\/en\/wp-json\/wp\/v2\/media?parent=541"}],"curies":[{"name":"wp","href":"https:\/\/api.w.org\/{rel}","templated":true}]}}